{"id":796,"date":"2018-02-12T11:30:20","date_gmt":"2018-02-12T10:30:20","guid":{"rendered":"http:\/\/www.citykamp.com\/es\/hebergements\/"},"modified":"2025-01-08T12:31:35","modified_gmt":"2025-01-08T11:31:35","slug":"alojamientos","status":"publish","type":"page","link":"https:\/\/www.citykamp.com\/es\/alojamientos\/","title":{"rendered":"Alojamientos"},"content":{"rendered":"<div class=\"wpb-content-wrapper\"><p>[vc_row][vc_column]<div id=\"\" class=\"imgheader hacco\" style=\"background-image: url(https:\/\/www.citykamp.com\/uploads\/2018\/02\/citykamp_hebergements_chalet_strasbourg_camping-1440x700.jpg)\">\n    <img decoding=\"async\" src=\"https:\/\/www.citykamp.com\/uploads\/2018\/02\/citykamp_hebergements_chalet_strasbourg_camping-1440x700.jpg\" class=\"imgresp mobilOnly\"\/><div class=\"wrapcontentraw\"><div class=\"incta\">\n                    <div>Los chalets<\/div>\n                  <\/div><\/div><\/div>[\/vc_column][\/vc_row][vc_row css=\u00bb.vc_custom_1521462302048{background-color: #e8e8e8 !important;}\u00bb][vc_column]<div class=\"wrappedcontent\">[vc_row_inner gap=\u00bb35&#8243; css=\u00bb.vc_custom_1649225574364{margin-top: -28px !important;margin-bottom: -28px !important;margin-left: -0.5px !important;}\u00bb][vc_column_inner width=\u00bb1\/4&#8243;][vc_icon type=\u00bbmaterial\u00bb icon_material=\u00bbvc-material vc-material-kitchen\u00bb color=\u00bbcustom\u00bb size=\u00bblg\u00bb align=\u00bbcenter\u00bb css=\u00bb.vc_custom_1521462292969{margin-top: -10px !important;margin-bottom: -10px !important;}\u00bb custom_color=\u00bb#454545&#8243;][vc_column_text]<\/p>\n<p style=\"text-align: center;\"><strong><span style=\"color: #333333;\">Cocina<\/span><\/strong><\/p>\n<p>[\/vc_column_text][\/vc_column_inner][vc_column_inner width=\u00bb1\/4&#8243;][vc_icon type=\u00bbentypo\u00bb icon_entypo=\u00bbentypo-icon entypo-icon-water\u00bb color=\u00bbcustom\u00bb size=\u00bblg\u00bb align=\u00bbcenter\u00bb css=\u00bb.vc_custom_1521462283585{margin-top: -10px !important;margin-bottom: -10px !important;}\u00bb custom_color=\u00bb#454545&#8243;][vc_column_text]<\/p>\n<p style=\"text-align: center;\"><strong>Ba\u00f1o<\/strong><\/p>\n<p>[\/vc_column_text][\/vc_column_inner][vc_column_inner width=\u00bb1\/4&#8243;][vc_icon type=\u00bbmaterial\u00bb icon_material=\u00bbvc-material vc-material-people\u00bb color=\u00bbcustom\u00bb size=\u00bblg\u00bb align=\u00bbcenter\u00bb css=\u00bb.vc_custom_1521462274046{margin-top: -10px !important;margin-bottom: -10px !important;}\u00bb custom_color=\u00bb#454545&#8243;][vc_column_text]<\/p>\n<p style=\"text-align: center;\"><strong><span style=\"color: #333333;\">Hasta 5 pers. | 25\/35 m\u00b2<\/span><\/strong><\/p>\n<p>[\/vc_column_text][\/vc_column_inner][vc_column_inner width=\u00bb1\/4&#8243;][vc_icon type=\u00bbmaterial\u00bb icon_material=\u00bbvc-material vc-material-tv\u00bb color=\u00bbcustom\u00bb size=\u00bblg\u00bb align=\u00bbcenter\u00bb css=\u00bb.vc_custom_1521462267121{margin-top: -10px !important;margin-bottom: -10px !important;}\u00bb custom_color=\u00bb#454545&#8243;][vc_column_text]<\/p>\n<p style=\"text-align: center;\"><strong><span style=\"color: #333333;\">2 habitaciones | TV*<\/span><\/strong><br \/>\n<em><span style=\"font-size: 10pt;\">*Seg\u00fan el camping<\/span><\/em><\/p>\n<p>[\/vc_column_text][\/vc_column_inner][\/vc_row_inner]<\/div>[\/vc_column][\/vc_row][vc_row][vc_column]<div class=\"wrappedcontent\">[vc_row_inner gap=\u00bb35&#8243; css=\u00bb.vc_custom_1649225578796{margin-left: -0.5px !important;}\u00bb][vc_column_inner width=\u00bb1\/2&#8243;][vc_column_text]Ambiente acogedor en nuestros chalets de madera (con o sin estufa de le\u00f1a)<\/p>\n<p>Es el alojamiento ideal para una estancia con total tranquilidad en cualquier estaci\u00f3n.<\/p>\n<p><strong>Las ventajas del chalet<\/strong>: Nuestros chalets disponen todos de una bonita terraza de madera donde podr\u00e1s compartir tu desayuno admirando la naturaleza circundante.[\/vc_column_text][vc_empty_space][vc_column_text css=\u00bb\u00bb]<strong><span style=\"color: #333333;\">Disponible en<\/span><\/strong><\/p>\n<p><span style=\"font-size: 14pt;\"><a href=\"https:\/\/www.camping-strasbourg.com\/es\/\" target=\"_blank\" rel=\"noopener noreferrer\"><strong><span style=\"color: #e84e1b;\">Estrasburgo<\/span> <\/strong><\/a>\u2014 <strong><a href=\"https:\/\/www.campingdelill.fr\/en\/\" target=\"_blank\" rel=\"noopener noreferrer\"><span style=\"color: #e84e1b;\">Colmar<\/span> <\/a><\/strong>\u2014 <strong><a href=\"https:\/\/www.campingangers.com\/es\/\" target=\"_blank\" rel=\"noopener noreferrer\"><span style=\"color: #e84e1b;\">Angers<\/span><\/a> <span style=\"color: #e84e1b;\">\u2014\u00a0<a style=\"color: #e84e1b;\" href=\"http:\/\/www.campingangers.com\/en\/\" target=\"_blank\" rel=\"noopener noreferrer\">V<\/a><a style=\"color: #e84e1b;\" href=\"https:\/\/www.camping-valkenburg.com\/en\/\">alkenburg<\/a> <span style=\"color: #e94e1b;\">\u2014\u00a0<a style=\"color: #e94e1b;\" href=\"https:\/\/www.camping-lyon.com\/es\/\">Lyon <\/a><\/span><\/span><\/strong><\/span><span style=\"font-size: 14pt;\"><strong><span style=\"color: #e84e1b;\"><span style=\"color: #000000;\">\u2014 <span style=\"text-decoration: underline;\"><span style=\"color: #e84e00;\"><a style=\"color: #e84e00; text-decoration: underline;\" href=\"https:\/\/www.camping-aix-en-provence.com\/es\/\">Aix-en-Provence<\/a><\/span><\/span><\/span><\/span><\/strong><\/span>[\/vc_column_text][\/vc_column_inner][vc_column_inner width=\u00bb1\/2&#8243;][vc_masonry_media_grid element_width=\u00bb3&#8243; gap=\u00bb10&#8243; item=\u00bbmediaGrid_Default\u00bb grid_id=\u00bbvc_gid:1736335893290-090f7530-8361-0&#8243; include=\u00bb6427,6433,6439,6445&#8243;][\/vc_column_inner][\/vc_row_inner]<\/div>[\/vc_column][\/vc_row][vc_row][vc_column]<div id=\"\" class=\"imgheader hacco\" style=\"background-image: url(https:\/\/www.citykamp.com\/uploads\/2023\/10\/citykamp-portail-hebergements-mh-header-1440x700.jpeg)\">\n    <img decoding=\"async\" src=\"https:\/\/www.citykamp.com\/uploads\/2023\/10\/citykamp-portail-hebergements-mh-header-1440x700.jpeg\" class=\"imgresp mobilOnly\"\/><div class=\"wrapcontentraw\"><div class=\"incta\">\n                    <div>Las casas m\u00f3viles<\/div>\n                  <\/div><\/div><\/div>[\/vc_column][\/vc_row][vc_row css=\u00bb.vc_custom_1521462212669{background-color: #e8e8e8 !important;}\u00bb][vc_column]<div class=\"wrappedcontent\">[vc_row_inner css=\u00bb.vc_custom_1649225591854{margin-top: -28px !important;margin-bottom: -28px !important;margin-left: -0.5px !important;}\u00bb][vc_column_inner width=\u00bb1\/4&#8243;][vc_icon type=\u00bbmaterial\u00bb icon_material=\u00bbvc-material vc-material-kitchen\u00bb color=\u00bbcustom\u00bb size=\u00bblg\u00bb align=\u00bbcenter\u00bb css=\u00bb.vc_custom_1521462206037{margin-top: -10px !important;margin-bottom: -10px !important;}\u00bb custom_color=\u00bb#454545&#8243;][vc_column_text]<\/p>\n<p style=\"text-align: center;\"><strong><span style=\"color: #333333;\">Cocina<\/span><\/strong><\/p>\n<p>[\/vc_column_text][\/vc_column_inner][vc_column_inner width=\u00bb1\/4&#8243;][vc_icon type=\u00bbentypo\u00bb icon_entypo=\u00bbentypo-icon entypo-icon-water\u00bb color=\u00bbcustom\u00bb size=\u00bblg\u00bb align=\u00bbcenter\u00bb css=\u00bb.vc_custom_1521462197401{margin-top: -10px !important;margin-bottom: -10px !important;}\u00bb custom_color=\u00bb#454545&#8243;][vc_column_text]<\/p>\n<p style=\"text-align: center;\"><strong>Ba\u00f1o<\/strong><\/p>\n<p>[\/vc_column_text][\/vc_column_inner][vc_column_inner width=\u00bb1\/4&#8243;][vc_icon type=\u00bbmaterial\u00bb icon_material=\u00bbvc-material vc-material-people\u00bb color=\u00bbcustom\u00bb size=\u00bblg\u00bb align=\u00bbcenter\u00bb css=\u00bb.vc_custom_1521462189115{margin-top: -10px !important;margin-bottom: -10px !important;}\u00bb custom_color=\u00bb#454545&#8243;][vc_column_text]<\/p>\n<p style=\"text-align: center;\"><strong><span style=\"color: #333333;\">Hasta 6 pers. |\u00a016\/28 m\u00b2<\/span><\/strong><\/p>\n<p>[\/vc_column_text][\/vc_column_inner][vc_column_inner width=\u00bb1\/4&#8243;][vc_icon icon_fontawesome=\u00bbfa fa-bed\u00bb color=\u00bbcustom\u00bb size=\u00bblg\u00bb align=\u00bbcenter\u00bb css=\u00bb.vc_custom_1521462182502{margin-top: -10px !important;margin-bottom: -10px !important;}\u00bb custom_color=\u00bb#454545&#8243;][vc_column_text]<\/p>\n<p style=\"text-align: center;\"><strong>1 a 3 habitaciones<\/strong><\/p>\n<p>[\/vc_column_text][\/vc_column_inner][\/vc_row_inner]<\/div>[\/vc_column][\/vc_row][vc_row][vc_column]<div class=\"wrappedcontent\">[vc_row_inner gap=\u00bb35&#8243; css=\u00bb.vc_custom_1649225596118{margin-left: -0.5px !important;}\u00bb][vc_column_inner width=\u00bb1\/2&#8243;][vc_column_text]Tendr\u00e1s los beneficios de la vida al aire libre y una comodidad total, gracias al equipamiento 100\u00a0% pr\u00e1ctico de nuestras casas m\u00f3viles. \u00a1La mejor alternativa al hotel!<\/p>\n<p><strong>La ventaja de la casa m\u00f3vil<\/strong>: en su cocina totalmente equipada, elabora buenos platos para degustar en la terraza.[\/vc_column_text][vc_empty_space][vc_column_text]<strong><span style=\"color: #333333;\">Disponible en<\/span><\/strong><\/p>\n<p><span style=\"font-size: 14pt;\"><span style=\"color: #e84e1b;\"><strong><a style=\"color: #e84e1b;\" href=\"https:\/\/www.campingparis.fr\/es\/\" target=\"_blank\" rel=\"noopener noreferrer\">Par\u00eds <\/a><\/strong><\/span>\u2014 <strong><a href=\"https:\/\/www.campingdelill.fr\/en\/\" target=\"_blank\" rel=\"noopener noreferrer\"><span style=\"color: #e84e1b;\">Colmar<\/span> <\/a><\/strong>\u2014 <strong><a href=\"https:\/\/www.campingangers.com\/es\/\" target=\"_blank\" rel=\"noopener noreferrer\"><span style=\"color: #e84e1b;\">Angers<\/span><\/a><\/strong><\/span>[\/vc_column_text][\/vc_column_inner][vc_column_inner width=\u00bb1\/2&#8243;][vc_masonry_media_grid element_width=\u00bb3&#8243; gap=\u00bb10&#8243; item=\u00bbmediaGrid_Default\u00bb grid_id=\u00bbvc_gid:1736335893300-ddd38a06-1b2d-3&#8243; include=\u00bb6458,6464,6470,6476&#8243;][\/vc_column_inner][\/vc_row_inner]<\/div>[\/vc_column][\/vc_row][vc_row][vc_column]<div id=\"\" class=\"imgheader hacco\" style=\"background-image: url(https:\/\/www.citykamp.com\/uploads\/2018\/02\/citykamp_hebergements_roulotte-1900x700.jpg)\">\n    <img decoding=\"async\" src=\"https:\/\/www.citykamp.com\/uploads\/2018\/02\/citykamp_hebergements_roulotte-1900x700.jpg\" class=\"imgresp mobilOnly\"\/><div class=\"wrapcontentraw\"><div class=\"incta\">\n                    <div>Caravana<\/div>\n                  <\/div><\/div><\/div>[\/vc_column][\/vc_row][vc_row css=\u00bb.vc_custom_1521462171641{background-color: #e8e8e8 !important;}\u00bb][vc_column]<div class=\"wrappedcontent\">[vc_row_inner css=\u00bb.vc_custom_1649225600070{margin-top: -28px !important;margin-bottom: -28px !important;margin-left: -0.5px !important;}\u00bb][vc_column_inner width=\u00bb1\/4&#8243;][vc_icon type=\u00bbmaterial\u00bb icon_material=\u00bbvc-material vc-material-kitchen\u00bb color=\u00bbcustom\u00bb size=\u00bblg\u00bb align=\u00bbcenter\u00bb css=\u00bb.vc_custom_1521462163341{margin-top: -10px !important;margin-bottom: -10px !important;}\u00bb custom_color=\u00bb#454545&#8243;][vc_column_text]<\/p>\n<p style=\"text-align: center;\"><strong><span style=\"color: #333333;\">Cocina<\/span><\/strong><\/p>\n<p>[\/vc_column_text][\/vc_column_inner][vc_column_inner width=\u00bb1\/4&#8243;][vc_icon type=\u00bbentypo\u00bb icon_entypo=\u00bbentypo-icon entypo-icon-water\u00bb color=\u00bbcustom\u00bb size=\u00bblg\u00bb align=\u00bbcenter\u00bb css=\u00bb.vc_custom_1521462153335{margin-top: -10px !important;margin-bottom: -10px !important;}\u00bb custom_color=\u00bb#454545&#8243;][vc_column_text]<\/p>\n<p style=\"text-align: center;\"><strong>Ba\u00f1o<\/strong><\/p>\n<p>[\/vc_column_text][\/vc_column_inner][vc_column_inner width=\u00bb1\/4&#8243;][vc_icon type=\u00bbmaterial\u00bb icon_material=\u00bbvc-material vc-material-people\u00bb color=\u00bbcustom\u00bb size=\u00bblg\u00bb align=\u00bbcenter\u00bb css=\u00bb.vc_custom_1521462142782{margin-top: -10px !important;margin-bottom: -10px !important;}\u00bb custom_color=\u00bb#454545&#8243;][vc_column_text]<\/p>\n<p style=\"text-align: center;\"><strong><span style=\"color: #333333;\">Hasta 2 adultos &#8211; 2 ni\u00f1os |\u00a021 m\u00b2<\/span><\/strong><\/p>\n<p>[\/vc_column_text][\/vc_column_inner][vc_column_inner width=\u00bb1\/4&#8243;][vc_icon icon_fontawesome=\u00bbfa fa-bed\u00bb color=\u00bbcustom\u00bb size=\u00bblg\u00bb align=\u00bbcenter\u00bb css=\u00bb.vc_custom_1521462135574{margin-top: -10px !important;margin-bottom: -10px !important;}\u00bb custom_color=\u00bb#454545&#8243;][vc_column_text]<\/p>\n<p style=\"text-align: center;\"><strong><span style=\"color: #333333;\">2 habitaciones<\/span><\/strong><\/p>\n<p>[\/vc_column_text][\/vc_column_inner][\/vc_row_inner]<\/div>[\/vc_column][\/vc_row][vc_row][vc_column]<div class=\"wrappedcontent\">[vc_row_inner gap=\u00bb35&#8243; css=\u00bb.vc_custom_1649225604112{margin-left: -0.5px !important;}\u00bb][vc_column_inner width=\u00bb1\/2&#8243;][vc_column_text]Esta aut\u00e9ntica y original caravana de estilo bohemio ofrece comodidades y desconexi\u00f3n para una estancia en pareja o con ni\u00f1os peque\u00f1os.<\/p>\n<p><strong>La ventaja de la caravana<\/strong>: Su terraza con mesa de picnic para comer en el exterior.[\/vc_column_text][vc_empty_space][vc_column_text css=\u00bb\u00bb]<strong><span style=\"color: #333333;\">Disponible en<\/span><\/strong><\/p>\n<p><span style=\"font-size: 14pt;\"><span style=\"color: #e84e1b;\"><strong><a style=\"color: #e84e1b;\" href=\"https:\/\/www.campingparis.fr\/es\/\" target=\"_blank\" rel=\"noopener noreferrer\">Par\u00eds <\/a><\/strong><\/span>\u2014 <strong><span style=\"color: #e84e1b;\"><a style=\"color: #e84e1b;\" href=\"https:\/\/www.camping-lyon.com\/es\/\" target=\"_blank\" rel=\"noopener noreferrer\">Lyon<\/a> <\/span><\/strong>\u2014 <strong><a href=\"https:\/\/www.camping-strasbourg.com\/es\/\" target=\"_blank\" rel=\"noopener noreferrer\"><span style=\"color: #e84e1b;\">Estrasburgo<\/span> <\/a><\/strong><\/span><strong style=\"font-size: 14pt;\"><span style=\"color: #e84e1b;\">\u2014\u00a0<a style=\"color: #e84e1b;\" href=\"http:\/\/www.campingangers.com\/en\/\" target=\"_blank\" rel=\"noopener noreferrer\">V<\/a><a style=\"color: #e84e1b;\" href=\"https:\/\/www.camping-valkenburg.com\/en\/\">alkenburg <\/a><\/span><\/strong><span style=\"font-size: 14pt;\"><strong><span style=\"color: #e84e1b;\"><span style=\"color: #000000;\">\u2014 <span style=\"text-decoration: underline;\"><span style=\"color: #e84e00;\"><a style=\"color: #e84e00; text-decoration: underline;\" href=\"https:\/\/www.camping-aix-en-provence.com\/es\/\">Aix-en-Provence<\/a><\/span><\/span><\/span><\/span><\/strong><\/span>[\/vc_column_text][\/vc_column_inner][vc_column_inner width=\u00bb1\/2&#8243;][vc_masonry_media_grid element_width=\u00bb3&#8243; gap=\u00bb10&#8243; item=\u00bbmediaGrid_Default\u00bb grid_id=\u00bbvc_gid:1736335893311-1382f494-530c-8&#8243; include=\u00bb6483,6489,6495,6501&#8243;][\/vc_column_inner][\/vc_row_inner]<\/div>[\/vc_column][\/vc_row][vc_row][vc_column]<div id=\"\" class=\"imgheader hacco\" style=\"background-image: url(https:\/\/www.citykamp.com\/uploads\/2023\/10\/ck-portail-heb-toile-et-bois-1900x700.jpeg)\">\n    <img decoding=\"async\" src=\"https:\/\/www.citykamp.com\/uploads\/2023\/10\/ck-portail-heb-toile-et-bois-1900x700.jpeg\" class=\"imgresp mobilOnly\"\/><div class=\"wrapcontentraw\"><div class=\"incta\">\n                    <div>Las tiendas Toile &amp; Bois<\/div>\n                  <\/div><\/div><\/div>[\/vc_column][\/vc_row][vc_row css=\u00bb.vc_custom_1521462122444{background-color: #e8e8e8 !important;}\u00bb][vc_column]<div class=\"wrappedcontent\">[vc_row_inner css=\u00bb.vc_custom_1649225608255{margin-top: -28px !important;margin-bottom: -28px !important;margin-left: -0.5px !important;}\u00bb][vc_column_inner width=\u00bb1\/3&#8243;][vc_icon type=\u00bbmaterial\u00bb icon_material=\u00bbvc-material vc-material-kitchen\u00bb color=\u00bbcustom\u00bb size=\u00bblg\u00bb align=\u00bbcenter\u00bb css=\u00bb.vc_custom_1521462107501{margin-top: -10px !important;margin-bottom: -10px !important;}\u00bb custom_color=\u00bb#454545&#8243;][vc_column_text]<\/p>\n<p style=\"text-align: center;\"><strong><span style=\"color: #333333;\">Cocina<\/span><\/strong><\/p>\n<p>[\/vc_column_text][\/vc_column_inner][vc_column_inner width=\u00bb1\/3&#8243;][vc_icon type=\u00bbmaterial\u00bb icon_material=\u00bbvc-material vc-material-people\u00bb color=\u00bbcustom\u00bb size=\u00bblg\u00bb align=\u00bbcenter\u00bb css=\u00bb.vc_custom_1521462098903{margin-top: -10px !important;margin-bottom: -10px !important;}\u00bb custom_color=\u00bb#454545&#8243;][vc_column_text]<\/p>\n<p style=\"text-align: center;\"><strong><span style=\"color: #333333;\">Hasta 5 pers. |\u00a020\/25 m\u00b2<\/span><\/strong><\/p>\n<p>[\/vc_column_text][\/vc_column_inner][vc_column_inner width=\u00bb1\/3&#8243;][vc_icon icon_fontawesome=\u00bbfa fa-bed\u00bb color=\u00bbcustom\u00bb size=\u00bblg\u00bb align=\u00bbcenter\u00bb css=\u00bb.vc_custom_1521462092469{margin-top: -10px !important;margin-bottom: -10px !important;}\u00bb custom_color=\u00bb#454545&#8243;][vc_column_text]<\/p>\n<p style=\"text-align: center;\"><strong><span style=\"color: #333333;\">2 habitaciones<\/span><\/strong><\/p>\n<p>[\/vc_column_text][\/vc_column_inner][\/vc_row_inner]<\/div>[\/vc_column][\/vc_row][vc_row][vc_column]<div class=\"wrappedcontent\">[vc_row_inner gap=\u00bb35&#8243; css=\u00bb.vc_custom_1649225613166{margin-left: -0.5px !important;}\u00bb][vc_column_inner width=\u00bb1\/2&#8243;][vc_column_text]Tiendas con todas las comodidades (con o sin ba\u00f1o) para evadirse bajo las estrellas&#8230; \u00a1Qu\u00e9 placer dormir bajo la lona en una buena cama!<\/p>\n<p><strong>La ventaja de la tienda Toile &amp; Bois<\/strong>: la posibilidad de alquilar una barbacoa para compartir parrilladas en la gran terraza de madera.[\/vc_column_text][vc_empty_space][vc_column_text css=\u00bb\u00bb]<strong><span style=\"color: #333333;\">Disponible en<\/span><\/strong><\/p>\n<p><span style=\"font-size: 14pt;\"><span style=\"color: #e84e1b;\"><strong><a style=\"color: #e84e1b;\" href=\"https:\/\/www.campingparis.fr\/es\/\" target=\"_blank\" rel=\"noopener noreferrer\">Par\u00eds <\/a><\/strong><\/span>\u2014 <strong><span style=\"color: #e84e1b;\"><a style=\"color: #e84e1b;\" href=\"https:\/\/www.camping-lyon.com\/es\/\" target=\"_blank\" rel=\"noopener noreferrer\">Lyon<\/a> <\/span><\/strong>\u2014 <a href=\"https:\/\/www.camping-strasbourg.com\/es\/\" target=\"_blank\" rel=\"noopener noreferrer\"><strong><span style=\"color: #e84e1b;\">Estrasburgo<\/span> <\/strong><\/a>\u2014 <strong><a href=\"https:\/\/www.campingdelill.fr\/en\/\" target=\"_blank\" rel=\"noopener noreferrer\"><span style=\"color: #e84e1b;\">Colmar<\/span> <\/a><\/strong><\/span><strong style=\"font-size: 14pt;\"><span style=\"color: #e84e1b;\">\u2014\u00a0<a style=\"color: #e84e1b;\" href=\"http:\/\/www.campingangers.com\/en\/\" target=\"_blank\" rel=\"noopener noreferrer\">V<\/a><a style=\"color: #e84e1b;\" href=\"https:\/\/www.camping-valkenburg.com\/en\/\">alkenburg <\/a><\/span><\/strong><span style=\"font-size: 14pt;\"><strong><span style=\"color: #e84e1b;\"><span style=\"color: #000000;\">\u2014 <span style=\"text-decoration: underline;\"><span style=\"color: #e84e00;\"><a style=\"color: #e84e00; text-decoration: underline;\" href=\"https:\/\/www.camping-aix-en-provence.com\/es\/\">Aix-en-Provence<\/a><\/span><\/span><\/span><\/span><\/strong><\/span>[\/vc_column_text][\/vc_column_inner][vc_column_inner width=\u00bb1\/2&#8243;][vc_masonry_media_grid element_width=\u00bb3&#8243; gap=\u00bb10&#8243; item=\u00bbmediaGrid_Default\u00bb grid_id=\u00bbvc_gid:1736335893319-fee6fd98-b83f-7&#8243; include=\u00bb6509,6515,6521,6527&#8243;][\/vc_column_inner][\/vc_row_inner]<\/div>[\/vc_column][\/vc_row][vc_row][vc_column]<div id=\"\" class=\"imgheader hacco\" style=\"background-image: url(https:\/\/www.citykamp.com\/uploads\/2018\/02\/citykamp_hebergements_emplacements-1900x700.jpg)\">\n    <img decoding=\"async\" src=\"https:\/\/www.citykamp.com\/uploads\/2018\/02\/citykamp_hebergements_emplacements-1900x700.jpg\" class=\"imgresp mobilOnly\"\/><div class=\"wrapcontentraw\"><div class=\"incta\">\n                    <div>Las parcelas de camping<\/div>\n                  <\/div><\/div><\/div>[\/vc_column][\/vc_row][vc_row][vc_column]<div class=\"wrappedcontent\">[vc_row_inner gap=\u00bb35&#8243; css=\u00bb.vc_custom_1699002564828{margin-left: -0.5px !important;}\u00bb][vc_column_inner width=\u00bb1\/2&#8243;][vc_column_text]Para dormir en contacto directo con la naturaleza&#8230; Tanto si tienes una tienda grande como peque\u00f1a, una caravana o una autocaravana, como si acampas ligero de equipaje o hasta arriba, en pareja o con toda la familia, hay una parcela para todos.<\/p>\n<p><strong>Los servicios para campistas<\/strong>: Aseos limpios, climatizados y confortables, despacho de pan, rinc\u00f3n supermercado, alquiler de equipamiento* (barbacoas, kit beb\u00e9, etc.)<br \/>\n<span style=\"font-size: 10pt;\"><em>*Seg\u00fan el camping y sujeto a disponibilidad<\/em><\/span>[\/vc_column_text][vc_empty_space][vc_column_text css=\u00bb\u00bb]<strong><span style=\"color: #333333;\">Disponible en<\/span><\/strong><\/p>\n<p><span style=\"font-size: 14pt;\"><span style=\"color: #e84e1b;\"><strong><a style=\"color: #e84e1b;\" href=\"https:\/\/www.campingparis.fr\/es\/\" target=\"_blank\" rel=\"noopener noreferrer\">Par\u00eds <\/a><\/strong><\/span>\u2014 <strong><span style=\"color: #e84e1b;\"><a style=\"color: #e84e1b;\" href=\"https:\/\/www.camping-lyon.com\/es\/\" target=\"_blank\" rel=\"noopener noreferrer\">Lyon<\/a> <\/span><\/strong>\u2014 <a href=\"https:\/\/www.camping-strasbourg.com\/es\/\" target=\"_blank\" rel=\"noopener noreferrer\"><strong><span style=\"color: #e84e1b;\">Estrasburgo<\/span> <\/strong><\/a>\u2014 <strong><a href=\"https:\/\/www.campingdelill.fr\/en\/\" target=\"_blank\" rel=\"noopener noreferrer\"><span style=\"color: #e84e1b;\">Colmar<\/span> <\/a><\/strong>\u2014 <strong><a href=\"https:\/\/www.campingangers.com\/es\/\" target=\"_blank\" rel=\"noopener noreferrer\"><span style=\"color: #e84e1b;\">Angers <\/span><\/a><span style=\"color: #e84e1b;\">\u2014\u00a0<\/span><a style=\"color: #e84e1b;\" href=\"http:\/\/www.campingangers.com\/en\/\" target=\"_blank\" rel=\"noopener noreferrer\">V<\/a><a style=\"color: #e84e1b;\" href=\"https:\/\/www.camping-valkenburg.com\/en\/\">alkenburg <\/a><\/strong><\/span><span style=\"font-size: 14pt;\"><strong><span style=\"color: #e84e1b;\"><span style=\"color: #000000;\">\u2014 <span style=\"text-decoration: underline;\"><span style=\"color: #e84e00;\"><a style=\"color: #e84e00; text-decoration: underline;\" href=\"https:\/\/www.camping-aix-en-provence.com\/es\/\">Aix-en-Provence<\/a><\/span><\/span><\/span><\/span><\/strong><\/span>[\/vc_column_text][\/vc_column_inner][vc_column_inner width=\u00bb1\/2&#8243;][vc_masonry_media_grid element_width=\u00bb3&#8243; gap=\u00bb10&#8243; item=\u00bbmediaGrid_Default\u00bb grid_id=\u00bbvc_gid:1736335893324-4ec34bbe-7f86-2&#8243; include=\u00bb6539,6557,6551,6545&#8243;][\/vc_column_inner][\/vc_row_inner]<\/div>[\/vc_column][\/vc_row][vc_row][vc_column]<div id=\"\" class=\"imgheader hacco\" style=\"background-image: url(https:\/\/www.citykamp.com\/uploads\/2018\/02\/citykamp_hebergements_cottage_plus-1440x700.jpg)\">\n    <img decoding=\"async\" src=\"https:\/\/www.citykamp.com\/uploads\/2018\/02\/citykamp_hebergements_cottage_plus-1440x700.jpg\" class=\"imgresp mobilOnly\"\/><div class=\"wrapcontentraw\"><div class=\"incta\">\n                    <div>Los cottages<\/div>\n                  <\/div><\/div><\/div>[\/vc_column][\/vc_row][vc_row css=\u00bb.vc_custom_1521462255521{background-color: #e8e8e8 !important;}\u00bb][vc_column]<div class=\"wrappedcontent\">[vc_row_inner css=\u00bb.vc_custom_1649225583300{margin-top: -28px !important;margin-bottom: -28px !important;margin-left: -0.5px !important;}\u00bb][vc_column_inner width=\u00bb1\/4&#8243;][vc_icon type=\u00bbmaterial\u00bb icon_material=\u00bbvc-material vc-material-kitchen\u00bb color=\u00bbcustom\u00bb size=\u00bblg\u00bb align=\u00bbcenter\u00bb css=\u00bb.vc_custom_1521462246484{margin-top: -10px !important;margin-bottom: -10px !important;}\u00bb custom_color=\u00bb#454545&#8243;][vc_column_text]<\/p>\n<p style=\"text-align: center;\"><strong><span style=\"color: #333333;\">Cocina<\/span><\/strong><\/p>\n<p>[\/vc_column_text][\/vc_column_inner][vc_column_inner width=\u00bb1\/4&#8243;][vc_icon type=\u00bbentypo\u00bb icon_entypo=\u00bbentypo-icon entypo-icon-water\u00bb color=\u00bbcustom\u00bb size=\u00bblg\u00bb align=\u00bbcenter\u00bb css=\u00bb.vc_custom_1521462238164{margin-top: -10px !important;margin-bottom: -10px !important;}\u00bb custom_color=\u00bb#454545&#8243;][vc_column_text]<\/p>\n<p style=\"text-align: center;\"><strong>Ba\u00f1o<\/strong><\/p>\n<p>[\/vc_column_text][\/vc_column_inner][vc_column_inner width=\u00bb1\/4&#8243;][vc_icon type=\u00bbmaterial\u00bb icon_material=\u00bbvc-material vc-material-people\u00bb color=\u00bbcustom\u00bb size=\u00bblg\u00bb align=\u00bbcenter\u00bb css=\u00bb.vc_custom_1521462229394{margin-top: -10px !important;margin-bottom: -10px !important;}\u00bb custom_color=\u00bb#454545&#8243;][vc_column_text]<\/p>\n<p style=\"text-align: center;\"><strong><span style=\"color: #333333;\">Hasta 6 pers. |\u00a025 m\u00b2<\/span><\/strong><\/p>\n<p>[\/vc_column_text][\/vc_column_inner][vc_column_inner width=\u00bb1\/4&#8243;][vc_icon type=\u00bbmaterial\u00bb icon_material=\u00bbvc-material vc-material-tv\u00bb color=\u00bbcustom\u00bb size=\u00bblg\u00bb align=\u00bbcenter\u00bb css=\u00bb.vc_custom_1521462223467{margin-top: -10px !important;margin-bottom: -10px !important;}\u00bb custom_color=\u00bb#454545&#8243;][vc_column_text]<\/p>\n<p style=\"text-align: center;\"><strong><span style=\"color: #333333;\">2 habitaciones | TV*<\/span><\/strong><br \/>\n<em><span style=\"font-size: 10pt;\">*Seg\u00fan el camping<\/span><\/em><\/p>\n<p>[\/vc_column_text][\/vc_column_inner][\/vc_row_inner]<\/div>[\/vc_column][\/vc_row][vc_row][vc_column]<div class=\"wrappedcontent\">[vc_row_inner gap=\u00bb35&#8243; css=\u00bb.vc_custom_1649225587612{margin-left: -0.5px !important;}\u00bb][vc_column_inner width=\u00bb1\/2&#8243;][vc_column_text]\u00a1Opta por una estancia \u00abcomo en casa\u00bb en uno de nuestros cottages a todo confort! Tienen muchos espacios abiertos hacia el exterior y bonitas terrazas de madera donde podr\u00e1s compartir un aperitivo en familia o con amigos.<\/p>\n<p><strong>La ventaja del cottage<\/strong>: durante el d\u00eda disfruta de su apertura hacia la naturaleza para recargar pilas, por la tarde noche descansa viendo una buena peli en la zona de estar.[\/vc_column_text][vc_empty_space][vc_column_text]<strong><span style=\"color: #333333;\">Disponible en<\/span><\/strong><\/p>\n<p><span style=\"font-size: 14pt;\"><a href=\"https:\/\/www.camping-strasbourg.com\/es\/\" target=\"_blank\" rel=\"noopener noreferrer\"><strong><span style=\"color: #e84e1b;\">Estrasburgo<\/span><\/strong><\/a><\/span>[\/vc_column_text][\/vc_column_inner][vc_column_inner width=\u00bb1\/2&#8243;][vc_masonry_media_grid gap=\u00bb10&#8243; item=\u00bbmediaGrid_Default\u00bb grid_id=\u00bbvc_gid:1736335893332-ef582d40-2fca-9&#8243; include=\u00bb6569,6575,6563&#8243;][\/vc_column_inner][\/vc_row_inner]<\/div>[\/vc_column][\/vc_row][vc_row css=\u00bb.vc_custom_1519144168078{background-color: #b5b5b5 !important;}\u00bb][vc_column]<div class=\"wrappedcontent\">[vc_row_inner css=\u00bb.vc_custom_1649225621039{margin-top: -28px !important;margin-bottom: -28px !important;margin-left: -0.5px !important;}\u00bb][vc_column_inner width=\u00bb1\/4&#8243;][vc_icon type=\u00bbentypo\u00bb icon_entypo=\u00bbentypo-icon entypo-icon-lock\u00bb color=\u00bbwhite\u00bb align=\u00bbcenter\u00bb css=\u00bb.vc_custom_1519230106118{margin-top: -10px !important;margin-bottom: -10px !important;}\u00bb][vc_column_text]<\/p>\n<p style=\"text-align: center;\"><span style=\"color: #ffffff;\">Pago seguro<\/span><\/p>\n<p>[\/vc_column_text][\/vc_column_inner][vc_column_inner width=\u00bb1\/4&#8243;][vc_icon type=\u00bbmaterial\u00bb icon_material=\u00bbvc-material vc-material-local_parking\u00bb color=\u00bbwhite\u00bb align=\u00bbcenter\u00bb css=\u00bb.vc_custom_1519230111989{margin-top: -10px !important;margin-bottom: -10px !important;}\u00bb][vc_column_text]<\/p>\n<p style=\"text-align: center;\"><span style=\"color: #ffffff;\">Parking gratuito<\/span><\/p>\n<p>[\/vc_column_text][\/vc_column_inner][vc_column_inner width=\u00bb1\/4&#8243;][vc_icon type=\u00bbentypo\u00bb icon_entypo=\u00bbentypo-icon entypo-icon-back-in-time\u00bb color=\u00bbwhite\u00bb align=\u00bbcenter\u00bb css=\u00bb.vc_custom_1519230117762{margin-top: -10px !important;margin-bottom: -10px !important;}\u00bb][vc_column_text]<\/p>\n<p style=\"text-align: center;\"><span style=\"color: #ffffff;\">Recepci\u00f3n de lunes a domingo<\/span><\/p>\n<p>[\/vc_column_text][\/vc_column_inner][vc_column_inner width=\u00bb1\/4&#8243;][vc_icon icon_fontawesome=\u00bbfa fa-globe\u00bb color=\u00bbwhite\u00bb align=\u00bbcenter\u00bb css=\u00bb.vc_custom_1519230123749{margin-top: -10px !important;margin-bottom: -10px !important;}\u00bb][vc_column_text]<\/p>\n<p style=\"text-align: center;\"><span style=\"color: #ffffff;\">Multiling\u00fce<\/span><\/p>\n<p>[\/vc_column_text][\/vc_column_inner][\/vc_row_inner]<\/div>[\/vc_column][\/vc_row]<\/p>\n<\/div>","protected":false},"excerpt":{"rendered":"<p>[vc_row][vc_column][\/vc_column][\/vc_row][vc_row css=\u00bb.vc_custom_1521462302048{background-color: #e8e8e8 !important;}\u00bb][vc_column][\/vc_column][\/vc_row][vc_row][vc_column][\/vc_column][\/vc_row][vc_row][vc_column][\/vc_column][\/vc_row][vc_row css=\u00bb.vc_custom_1521462212669{background-color: #e8e8e8 !important;}\u00bb][vc_column][\/vc_column][\/vc_row][vc_row][vc_column][\/vc_column][\/vc_row][vc_row][vc_column][\/vc_column][\/vc_row][vc_row css=\u00bb.vc_custom_1521462171641{background-color: #e8e8e8 !important;}\u00bb][vc_column][\/vc_column][\/vc_row][vc_row][vc_column][\/vc_column][\/vc_row][vc_row][vc_column][\/vc_column][\/vc_row][vc_row css=\u00bb.vc_custom_1521462122444{background-color: #e8e8e8 !important;}\u00bb][vc_column][\/vc_column][\/vc_row][vc_row][vc_column][\/vc_column][\/vc_row][vc_row][vc_column][\/vc_column][\/vc_row][vc_row][vc_column][\/vc_column][\/vc_row][vc_row][vc_column][\/vc_column][\/vc_row][vc_row css=\u00bb.vc_custom_1521462255521{background-color: #e8e8e8 !important;}\u00bb][vc_column][\/vc_column][\/vc_row][vc_row][vc_column][\/vc_column][\/vc_row][vc_row css=\u00bb.vc_custom_1519144168078{background-color: #b5b5b5 !important;}\u00bb][vc_column][\/vc_column][\/vc_row]<\/p>\n","protected":false},"author":1,"featured_media":0,"parent":0,"menu_order":0,"comment_status":"closed","ping_status":"closed","template":"","meta":{"footnotes":""},"class_list":["post-796","page","type-page","status-publish","hentry"],"yoast_head":"<!-- This site is optimized with the Yoast SEO plugin v25.6 - https:\/\/yoast.com\/wordpress\/plugins\/seo\/ -->\n<title>Descubre todos nuestros alojamientos, hasta 6 personas - CityKamp<\/title>\n<meta name=\"description\" content=\"Chalet enAut\u00e9ntico chalet de madera, c\u00f3moda casa m\u00f3vil, caba\u00f1a moderna, lona de tienda at\u00edpica y madera o aut\u00e9ntica caravana, \u00a1al\u00f3jese en el alojamiento que m\u00e1s le convenga! \u00bfPrefieres acampar? Las parcelas tambi\u00e9n est\u00e1n disponibles en nuestros campings.\" \/>\n<meta name=\"robots\" content=\"index, follow, max-snippet:-1, max-image-preview:large, max-video-preview:-1\" \/>\n<link rel=\"canonical\" href=\"https:\/\/www.citykamp.com\/es\/alojamientos\/\" \/>\n<meta property=\"og:locale\" content=\"es_ES\" \/>\n<meta property=\"og:type\" content=\"article\" \/>\n<meta property=\"og:title\" content=\"Descubre todos nuestros alojamientos, hasta 6 personas - CityKamp\" \/>\n<meta property=\"og:description\" content=\"Chalet enAut\u00e9ntico chalet de madera, c\u00f3moda casa m\u00f3vil, caba\u00f1a moderna, lona de tienda at\u00edpica y madera o aut\u00e9ntica caravana, \u00a1al\u00f3jese en el alojamiento que m\u00e1s le convenga! \u00bfPrefieres acampar? Las parcelas tambi\u00e9n est\u00e1n disponibles en nuestros campings.\" \/>\n<meta property=\"og:url\" content=\"https:\/\/www.citykamp.com\/es\/alojamientos\/\" \/>\n<meta property=\"og:site_name\" content=\"Citykamp\" \/>\n<meta property=\"article:modified_time\" content=\"2025-01-08T11:31:35+00:00\" \/>\n<meta name=\"twitter:card\" content=\"summary_large_image\" \/>\n<meta name=\"twitter:label1\" content=\"Est. reading time\" \/>\n\t<meta name=\"twitter:data1\" content=\"11 minutos\" \/>\n<script type=\"application\/ld+json\" class=\"yoast-schema-graph\">{\"@context\":\"https:\/\/schema.org\",\"@graph\":[{\"@type\":\"WebPage\",\"@id\":\"https:\/\/www.citykamp.com\/es\/alojamientos\/\",\"url\":\"https:\/\/www.citykamp.com\/es\/alojamientos\/\",\"name\":\"Descubre todos nuestros alojamientos, hasta 6 personas - CityKamp\",\"isPartOf\":{\"@id\":\"https:\/\/www.citykamp.com\/es\/#website\"},\"datePublished\":\"2018-02-12T10:30:20+00:00\",\"dateModified\":\"2025-01-08T11:31:35+00:00\",\"description\":\"Chalet enAut\u00e9ntico chalet de madera, c\u00f3moda casa m\u00f3vil, caba\u00f1a moderna, lona de tienda at\u00edpica y madera o aut\u00e9ntica caravana, \u00a1al\u00f3jese en el alojamiento que m\u00e1s le convenga! \u00bfPrefieres acampar? Las parcelas tambi\u00e9n est\u00e1n disponibles en nuestros campings.\",\"breadcrumb\":{\"@id\":\"https:\/\/www.citykamp.com\/es\/alojamientos\/#breadcrumb\"},\"inLanguage\":\"es\",\"potentialAction\":[{\"@type\":\"ReadAction\",\"target\":[\"https:\/\/www.citykamp.com\/es\/alojamientos\/\"]}]},{\"@type\":\"BreadcrumbList\",\"@id\":\"https:\/\/www.citykamp.com\/es\/alojamientos\/#breadcrumb\",\"itemListElement\":[{\"@type\":\"ListItem\",\"position\":1,\"name\":\"Accueil\",\"item\":\"https:\/\/www.citykamp.com\/es\/\"},{\"@type\":\"ListItem\",\"position\":2,\"name\":\"Alojamientos\"}]},{\"@type\":\"WebSite\",\"@id\":\"https:\/\/www.citykamp.com\/es\/#website\",\"url\":\"https:\/\/www.citykamp.com\/es\/\",\"name\":\"Citykamp\",\"description\":\"Un site utilisant WordPress\",\"potentialAction\":[{\"@type\":\"SearchAction\",\"target\":{\"@type\":\"EntryPoint\",\"urlTemplate\":\"https:\/\/www.citykamp.com\/es\/?s={search_term_string}\"},\"query-input\":{\"@type\":\"PropertyValueSpecification\",\"valueRequired\":true,\"valueName\":\"search_term_string\"}}],\"inLanguage\":\"es\"}]}<\/script>\n<!-- \/ Yoast SEO plugin. -->","yoast_head_json":{"title":"Descubre todos nuestros alojamientos, hasta 6 personas - CityKamp","description":"Chalet enAut\u00e9ntico chalet de madera, c\u00f3moda casa m\u00f3vil, caba\u00f1a moderna, lona de tienda at\u00edpica y madera o aut\u00e9ntica caravana, \u00a1al\u00f3jese en el alojamiento que m\u00e1s le convenga! \u00bfPrefieres acampar? Las parcelas tambi\u00e9n est\u00e1n disponibles en nuestros campings.","robots":{"index":"index","follow":"follow","max-snippet":"max-snippet:-1","max-image-preview":"max-image-preview:large","max-video-preview":"max-video-preview:-1"},"canonical":"https:\/\/www.citykamp.com\/es\/alojamientos\/","og_locale":"es_ES","og_type":"article","og_title":"Descubre todos nuestros alojamientos, hasta 6 personas - CityKamp","og_description":"Chalet enAut\u00e9ntico chalet de madera, c\u00f3moda casa m\u00f3vil, caba\u00f1a moderna, lona de tienda at\u00edpica y madera o aut\u00e9ntica caravana, \u00a1al\u00f3jese en el alojamiento que m\u00e1s le convenga! \u00bfPrefieres acampar? Las parcelas tambi\u00e9n est\u00e1n disponibles en nuestros campings.","og_url":"https:\/\/www.citykamp.com\/es\/alojamientos\/","og_site_name":"Citykamp","article_modified_time":"2025-01-08T11:31:35+00:00","twitter_card":"summary_large_image","twitter_misc":{"Est. reading time":"11 minutos"},"schema":{"@context":"https:\/\/schema.org","@graph":[{"@type":"WebPage","@id":"https:\/\/www.citykamp.com\/es\/alojamientos\/","url":"https:\/\/www.citykamp.com\/es\/alojamientos\/","name":"Descubre todos nuestros alojamientos, hasta 6 personas - CityKamp","isPartOf":{"@id":"https:\/\/www.citykamp.com\/es\/#website"},"datePublished":"2018-02-12T10:30:20+00:00","dateModified":"2025-01-08T11:31:35+00:00","description":"Chalet enAut\u00e9ntico chalet de madera, c\u00f3moda casa m\u00f3vil, caba\u00f1a moderna, lona de tienda at\u00edpica y madera o aut\u00e9ntica caravana, \u00a1al\u00f3jese en el alojamiento que m\u00e1s le convenga! \u00bfPrefieres acampar? Las parcelas tambi\u00e9n est\u00e1n disponibles en nuestros campings.","breadcrumb":{"@id":"https:\/\/www.citykamp.com\/es\/alojamientos\/#breadcrumb"},"inLanguage":"es","potentialAction":[{"@type":"ReadAction","target":["https:\/\/www.citykamp.com\/es\/alojamientos\/"]}]},{"@type":"BreadcrumbList","@id":"https:\/\/www.citykamp.com\/es\/alojamientos\/#breadcrumb","itemListElement":[{"@type":"ListItem","position":1,"name":"Accueil","item":"https:\/\/www.citykamp.com\/es\/"},{"@type":"ListItem","position":2,"name":"Alojamientos"}]},{"@type":"WebSite","@id":"https:\/\/www.citykamp.com\/es\/#website","url":"https:\/\/www.citykamp.com\/es\/","name":"Citykamp","description":"Un site utilisant WordPress","potentialAction":[{"@type":"SearchAction","target":{"@type":"EntryPoint","urlTemplate":"https:\/\/www.citykamp.com\/es\/?s={search_term_string}"},"query-input":{"@type":"PropertyValueSpecification","valueRequired":true,"valueName":"search_term_string"}}],"inLanguage":"es"}]}},"_links":{"self":[{"href":"https:\/\/www.citykamp.com\/es\/wp-json\/wp\/v2\/pages\/796","targetHints":{"allow":["GET"]}}],"collection":[{"href":"https:\/\/www.citykamp.com\/es\/wp-json\/wp\/v2\/pages"}],"about":[{"href":"https:\/\/www.citykamp.com\/es\/wp-json\/wp\/v2\/types\/page"}],"author":[{"embeddable":true,"href":"https:\/\/www.citykamp.com\/es\/wp-json\/wp\/v2\/users\/1"}],"replies":[{"embeddable":true,"href":"https:\/\/www.citykamp.com\/es\/wp-json\/wp\/v2\/comments?post=796"}],"version-history":[{"count":6,"href":"https:\/\/www.citykamp.com\/es\/wp-json\/wp\/v2\/pages\/796\/revisions"}],"predecessor-version":[{"id":7407,"href":"https:\/\/www.citykamp.com\/es\/wp-json\/wp\/v2\/pages\/796\/revisions\/7407"}],"wp:attachment":[{"href":"https:\/\/www.citykamp.com\/es\/wp-json\/wp\/v2\/media?parent=796"}],"curies":[{"name":"wp","href":"https:\/\/api.w.org\/{rel}","templated":true}]}}