{"id":5455,"date":"2022-12-12T18:02:14","date_gmt":"2022-12-12T17:02:14","guid":{"rendered":"https:\/\/www.citykamp.com\/marches-de-noel\/"},"modified":"2024-11-21T12:58:05","modified_gmt":"2024-11-21T11:58:05","slug":"die-weihnachtsmaerkte","status":"publish","type":"page","link":"https:\/\/www.citykamp.com\/de\/die-weihnachtsmaerkte\/","title":{"rendered":"Die Weihnachtsm\u00e4rkte"},"content":{"rendered":"<div class=\"wpb-content-wrapper\"><p>[vc_row][vc_column]<div class=\"wrappedcontent\">[vc_column_text css=&#8220;.vc_custom_1671103690746{padding-top: 50px !important;}&#8220;]<\/p>\n<p style=\"text-align: center;\"><span style=\"color: #e94e1b;\"><strong><span style=\"font-size: 24pt;\">DIE WEIHNACHTSM\u00c4RKTE<\/span><\/strong><\/span><\/p>\n<p style=\"text-align: center;\"><span style=\"font-size: 14pt;\">Zum Jahresende erstrahlen mit wundersch\u00f6nen Dekorationen, Chalets und Tannenb\u00e4umen geschm\u00fcckte St\u00e4dte in weihnachtlichem Glanz und der Duft von Lebkuchen und Gl\u00fchwein erf\u00fcllt die Stra\u00dfen. Entdecken Sie die m\u00e4rchenhafte Welt der Weihnachtsm\u00e4rkte, die regionale Produkte und regionales Kunsthandwerk zur Geltung bringen. <\/span><\/p>\n<p>[\/vc_column_text][vc_empty_space][vc_column_text]<\/p>\n<p style=\"text-align: center;\"><span style=\"font-size: 20pt; color: #e94e1b;\"><strong>UNSERE WEIHNACHTLICHEN REISEZIELE<\/strong><\/span><\/p>\n<p>[\/vc_column_text][vc_empty_space][vc_row_inner equal_height=&#8220;yes&#8220; gap=&#8220;35&#8243; css=&#8220;.vc_custom_1670855066474{margin-left: -0.5px !important;}&#8220;][vc_column_inner width=&#8220;1\/4&#8243; css=&#8220;.vc_custom_1670854562642{background-color: rgba(233,78,27,0.2) !important;*background-color: rgb(233,78,27) !important;}&#8220;][vc_column_text css=&#8220;.vc_custom_1671178768396{padding-top: 20px !important;padding-right: 20px !important;padding-bottom: 20px !important;padding-left: 20px !important;}&#8220;]<\/p>\n<p style=\"text-align: center;\"><a href=\"https:\/\/www.campingdelill.fr\/de\/weihnachtsmaerkte\/\" target=\"_blank\" rel=\"noopener\"><span style=\"color: #e94e1b;\"><strong><span style=\"font-size: 18pt;\">COLMAR<\/span><\/strong><\/span><\/a><br \/>\n<strong><span style=\"font-size: 14pt;\">Und seine m\u00e4rchenhafte Weihnachtswelt<\/span><\/strong><\/p>\n<p>[\/vc_column_text][\/vc_column_inner][vc_column_inner width=&#8220;1\/4&#8243; css=&#8220;.vc_custom_1670854570504{background-color: rgba(233,78,27,0.2) !important;*background-color: rgb(233,78,27) !important;}&#8220;][vc_column_text css=&#8220;.vc_custom_1671178786570{padding-top: 20px !important;padding-right: 20px !important;padding-bottom: 20px !important;padding-left: 20px !important;}&#8220;]<\/p>\n<p style=\"text-align: center;\"><a href=\"https:\/\/www.camping-valkenburg.com\/de\/weihnachtsmaerkte\/\" target=\"_blank\" rel=\"noopener\"><span style=\"color: #e94e1b;\"><strong><span style=\"font-size: 18pt;\">VALKENBURG<\/span><\/strong><\/span><\/a><br \/>\n<strong><span style=\"font-size: 14pt;\">Mit seinem etwas anderen Weihnachtsmarkt<\/span><\/strong><\/p>\n<p>[\/vc_column_text][\/vc_column_inner][vc_column_inner width=&#8220;1\/4&#8243; css=&#8220;.vc_custom_1670854581589{background-color: rgba(233,78,27,0.2) !important;*background-color: rgb(233,78,27) !important;}&#8220;][vc_column_text css=&#8220;.vc_custom_1671178800356{padding-top: 20px !important;padding-right: 20px !important;padding-bottom: 20px !important;padding-left: 20px !important;}&#8220;]<\/p>\n<p style=\"text-align: center;\"><span style=\"font-size: 18pt;\"><a href=\"https:\/\/www.camping-strasbourg.com\/de\/weihnachtsmaerkte\/\" target=\"_blank\" rel=\"noopener\"><span style=\"color: #e94e1b;\"><strong>STRASSBURG<\/strong><\/span><\/a><b><br \/>\n<\/b><strong><span style=\"font-size: 14pt;\">Die Weihnachtshauptstadt<\/span><\/strong><\/span><\/p>\n<p>[\/vc_column_text][\/vc_column_inner][vc_column_inner width=&#8220;1\/4&#8243; css=&#8220;.vc_custom_1732190391245{background-color: #E94E1B33 !important;}&#8220;][vc_column_text css=&#8220;.vc_custom_1732190087720{padding-top: 20px !important;padding-right: 20px !important;padding-bottom: 20px !important;padding-left: 20px !important;}&#8220;]<\/p>\n<p style=\"text-align: center;\"><span style=\"font-size: 18pt;\"><a href=\"https:\/\/www.campingparis.fr\/de\/weihnachtsmarkt-in-paris\/\" target=\"_blank\" rel=\"noopener\"><span style=\"color: #e94e1b;\"><strong>PARIS<\/strong><\/span><\/a><b><br \/>\n<\/b><strong><span style=\"font-size: 14pt;\">Eine authentische Atmosph\u00e4re <\/span><\/strong><\/span><\/p>\n<p>[\/vc_column_text][\/vc_column_inner][\/vc_row_inner][vc_empty_space][vc_column_text]<\/p>\n<p style=\"text-align: center;\"><span style=\"font-size: 20pt; color: #e94e1b;\"><strong>DIE HIGHLIGHTS AUF DEN WEIHNACHTSM\u00c4RKTEN<br \/>\n<\/strong><\/span><\/p>\n<p>[\/vc_column_text][vc_empty_space][vc_row_inner equal_height=&#8220;yes&#8220; gap=&#8220;35&#8243; css=&#8220;.vc_custom_1670855791212{margin-left: -0.5px !important;}&#8220;][vc_column_inner width=&#8220;1\/3&#8243;][vc_masonry_media_grid element_width=&#8220;12&#8243; gap=&#8220;0&#8243; grid_id=&#8220;vc_gid:1732190385479-a2cbf7cc-6286-0&#8243; include=&#8220;5378&#8243;][vc_empty_space height=&#8220;15px&#8220;][vc_column_text]<\/p>\n<p style=\"text-align: center;\"><strong><span style=\"font-size: 14pt;\">Beleuchtungen und Dekorationen<\/span><\/strong><\/p>\n<p style=\"text-align: center;\"><span style=\"font-size: 14pt;\">Bestaunen Sie die dekorierten H\u00e4userfassaden und die Stra\u00dfen, die im Glanz Tausender Lichter erstrahlen.<\/span><\/p>\n<p>[\/vc_column_text][\/vc_column_inner][vc_column_inner width=&#8220;1\/3&#8243;][vc_masonry_media_grid element_width=&#8220;12&#8243; gap=&#8220;0&#8243; grid_id=&#8220;vc_gid:1732190385481-95134a37-4324-3&#8243; include=&#8220;5384&#8243;][vc_empty_space height=&#8220;15px&#8220;][vc_column_text]<\/p>\n<p style=\"text-align: center;\"><strong><span style=\"font-size: 14pt;\">Lokales Kunsthandwerk<\/span><\/strong><\/p>\n<p style=\"text-align: center;\"><span style=\"font-size: 14pt;\">Krippenfiguren, handbemalte Weihnachtskugeln, Holzspielzeug\u2026<\/span><\/p>\n<p>[\/vc_column_text][\/vc_column_inner][vc_column_inner width=&#8220;1\/3&#8243;][vc_masonry_media_grid element_width=&#8220;12&#8243; gap=&#8220;0&#8243; grid_id=&#8220;vc_gid:1732190385483-b00e4bf7-c7a6-6&#8243; include=&#8220;5390&#8243;][vc_empty_space height=&#8220;15px&#8220;][vc_column_text]<\/p>\n<p style=\"text-align: center;\"><strong><span style=\"font-size: 14pt;\">Kulinarische Entdeckungen<\/span><\/strong><\/p>\n<p style=\"text-align: center;\"><span style=\"font-size: 14pt;\">Bretzeln, Spritz, Sauerkraut, Lebkuchen\u2026<\/span><\/p>\n<p>[\/vc_column_text][\/vc_column_inner][\/vc_row_inner]<\/div>[\/vc_column][\/vc_row][vc_row css=&#8220;.vc_custom_1670860547323{background-color: rgba(233,78,27,0.2) !important;*background-color: rgb(233,78,27) !important;}&#8220;][vc_column]<div class=\"wrappedcontent\">[vc_column_text]<\/p>\n<p style=\"text-align: center;\"><span style=\"font-size: 20pt; color: #e94e1b;\"><strong>\u00dcBERNACHTEN SIE MITTEN IN DER NATUR<\/strong><\/span><\/p>\n<p style=\"text-align: center;\"><span style=\"font-size: 14pt;\">Entdecken Sie unsere CityKamp-Campingpl\u00e4tze f\u00fcr Ihren weihnachtlichen Aufenthalt.<br \/>\n<\/span><span style=\"font-size: 14pt;\">Ob in einer Unterkunft oder auf einem Stellplatz f\u00fcr Ihren Van oder Ihr Reisemobil, unsere Campingpl\u00e4tze sind die ideale Alternative zu traditionellen Hotels.<br \/>\nVerbringen Sie mit Freunden oder der Familie einen etwas anderen Aufenthalt, in unmittelbarer N\u00e4he zur Stadt.<br \/>\n<\/span><\/p>\n<p>[\/vc_column_text][vc_empty_space][vc_row_inner equal_height=&#8220;yes&#8220; gap=&#8220;35&#8243; css=&#8220;.vc_custom_1670864428995{margin-left: -0.5px !important;}&#8220;][vc_column_inner width=&#8220;2\/5&#8243;][vc_single_image image=&#8220;6407&#8243; img_size=&#8220;600*500&#8243;][\/vc_column_inner][vc_column_inner width=&#8220;3\/5&#8243;][vc_column_text]<span style=\"font-size: 18pt; color: #e94e1b;\"><strong>CHALET, SCHINDELWAGEN, MOBILHEIM ODER COTTAGE<\/strong><\/span><\/p>\n<p><span style=\"font-size: 14pt;\">Genie\u00dfen Sie den Komfort unserer Unterk\u00fcnfte f\u00fcr bis zu 6 Personen. <\/span><\/p>\n<p><span style=\"font-size: 14pt;\">Ein ger\u00e4umiges Wohnzimmer, zwei Schlafzimmer, eine ausgestattete K\u00fcche, Bettw\u00e4sche und Handt\u00fccher inklusive. Der Komfort eines Hotelzimmers direkt in der Natur!<\/span><\/p>\n<p><span style=\"font-size: 18pt; color: #e94e1b;\"><strong>IM REISEMOBIL, WOHNWAGEN ODER VAN<\/strong><\/span><\/p>\n<p><span style=\"font-size: 14pt;\">Verbringen Sie auf unseren Campingstellpl\u00e4tzen einen Aufenthalt im Herzen der Natur, ohne Ihr Budget zu sprengen.<\/span>[\/vc_column_text][\/vc_column_inner][\/vc_row_inner]<\/div>[\/vc_column][\/vc_row][vc_row][vc_column]<div class=\"wrappedcontent\">[vc_row_inner equal_height=&#8220;yes&#8220; gap=&#8220;35&#8243; css=&#8220;.vc_custom_1670864425014{margin-left: -0.5px !important;}&#8220;][vc_column_inner width=&#8220;2\/5&#8243;][vc_masonry_media_grid element_width=&#8220;12&#8243; gap=&#8220;0&#8243; grid_id=&#8220;vc_gid:1732190385487-de07b813-343d-4&#8243; include=&#8220;6413&#8243;][\/vc_column_inner][vc_column_inner width=&#8220;3\/5&#8243;][vc_column_text]<span style=\"font-size: 18pt; color: #e94e1b;\"><strong>EINLADENE GEMEINSCHAFTSBEREICHE<\/strong><\/span><\/p>\n<p><span style=\"font-size: 14pt;\">Lassen Sie einen Tag voller Entdeckungen in unseren einladenden und gem\u00fctlichen Gemeinschaftsbereichen ausklingen,<br \/>\nbei einem Gesellschaftsspiel, einer Partie Tischfu\u00dfball oder einer hei\u00dfen Schokolade vor dem Holzfeuer.<br \/>\n<\/span>[\/vc_column_text][\/vc_column_inner][\/vc_row_inner][vc_empty_space]<\/div>[\/vc_column][\/vc_row][vc_row css=&#8220;.vc_custom_1670864411103{background-color: rgba(233,78,27,0.2) !important;*background-color: rgb(233,78,27) !important;}&#8220;][vc_column]<div class=\"wrappedcontent\">[vc_column_text]<\/p>\n<p style=\"text-align: center;\"><span style=\"font-size: 20pt; color: #e94e1b;\"><strong>IDEALE VERKEHRSANBINDUNG<\/strong><\/span><\/p>\n<p>[\/vc_column_text][vc_row_inner equal_height=&#8220;yes&#8220; gap=&#8220;35&#8243; css=&#8220;.vc_custom_1670864415288{margin-left: -0.5px !important;}&#8220;][vc_column_inner width=&#8220;1\/4&#8243;][\/vc_column_inner][vc_column_inner width=&#8220;1\/4&#8243;][vc_single_image image=&#8220;5414&#8243; img_size=&#8220;600*500&#8243;][vc_column_text css=&#8220;.vc_custom_1671104082366{padding-top: 30px !important;}&#8220;]<\/p>\n<p style=\"text-align: center;\"><span style=\"font-size: 14pt;\">Unsere Campingpl\u00e4tze befinden sich ganz in der N\u00e4he des Stadtzentrums.<br \/>\nVor Ort haben Sie zudem die M\u00f6glichkeit, Fahrr\u00e4der zu leihen. <\/span><\/p>\n<p>[\/vc_column_text][\/vc_column_inner][vc_column_inner width=&#8220;1\/4&#8243;][vc_single_image image=&#8220;5420&#8243; img_size=&#8220;600*500&#8243;][vc_column_text css=&#8220;.vc_custom_1671104091585{padding-top: 30px !important;}&#8220;]<\/p>\n<p style=\"text-align: center;\"><span style=\"font-size: 14pt;\">Die Innenst\u00e4dte sind von unseren Campingpl\u00e4tzen aus mit dem Bus oder der Stra\u00dfenbahn sehr gut erreichbar.<\/span><\/p>\n<p>[\/vc_column_text][\/vc_column_inner][vc_column_inner width=&#8220;1\/4&#8243;][\/vc_column_inner][\/vc_row_inner][vc_column_text]<\/p>\n<p style=\"text-align: center;\"><span style=\"font-size: 14pt;\">Worauf warten Sie noch? Entdecken Sie unsere weihnachtlichen Reiseziele!<\/span><\/p>\n<p>[\/vc_column_text]<\/div>[\/vc_column][\/vc_row]<\/p>\n<\/div>","protected":false},"excerpt":{"rendered":"<p>[vc_row][vc_column][\/vc_column][\/vc_row][vc_row css=&#8220;.vc_custom_1670860547323{background-color: rgba(233,78,27,0.2) !important;*background-color: rgb(233,78,27) !important;}&#8220;][vc_column][\/vc_column][\/vc_row][vc_row][vc_column][\/vc_column][\/vc_row][vc_row css=&#8220;.vc_custom_1670864411103{background-color: rgba(233,78,27,0.2) !important;*background-color: rgb(233,78,27) !important;}&#8220;][vc_column][\/vc_column][\/vc_row]<\/p>\n","protected":false},"author":4,"featured_media":0,"parent":0,"menu_order":0,"comment_status":"closed","ping_status":"closed","template":"","meta":{"footnotes":""},"class_list":["post-5455","page","type-page","status-publish","hentry"],"yoast_head":"<!-- This site is optimized with the Yoast SEO plugin v25.6 - https:\/\/yoast.com\/wordpress\/plugins\/seo\/ -->\n<title>Die Weihnachtsm\u00e4rkte - Citykamp<\/title>\n<meta name=\"robots\" content=\"index, follow, max-snippet:-1, max-image-preview:large, max-video-preview:-1\" \/>\n<link rel=\"canonical\" href=\"https:\/\/www.citykamp.com\/de\/die-weihnachtsmaerkte\/\" \/>\n<meta property=\"og:locale\" content=\"de_DE\" \/>\n<meta property=\"og:type\" content=\"article\" \/>\n<meta property=\"og:title\" content=\"Die Weihnachtsm\u00e4rkte - Citykamp\" \/>\n<meta property=\"og:description\" content=\"[vc_row][vc_column][\/vc_column][\/vc_row][vc_row css=&#8220;.vc_custom_1670860547323{background-color: rgba(233,78,27,0.2) !important;*background-color: rgb(233,78,27) !important;}&#8220;][vc_column][\/vc_column][\/vc_row][vc_row][vc_column][\/vc_column][\/vc_row][vc_row css=&#8220;.vc_custom_1670864411103{background-color: rgba(233,78,27,0.2) !important;*background-color: rgb(233,78,27) !important;}&#8220;][vc_column][\/vc_column][\/vc_row]\" \/>\n<meta property=\"og:url\" content=\"https:\/\/www.citykamp.com\/de\/die-weihnachtsmaerkte\/\" \/>\n<meta property=\"og:site_name\" content=\"Citykamp\" \/>\n<meta property=\"article:modified_time\" content=\"2024-11-21T11:58:05+00:00\" \/>\n<meta name=\"twitter:card\" content=\"summary_large_image\" \/>\n<meta name=\"twitter:label1\" content=\"Est. reading time\" \/>\n\t<meta name=\"twitter:data1\" content=\"3 Minuten\" \/>\n<script type=\"application\/ld+json\" class=\"yoast-schema-graph\">{\"@context\":\"https:\/\/schema.org\",\"@graph\":[{\"@type\":\"WebPage\",\"@id\":\"https:\/\/www.citykamp.com\/de\/die-weihnachtsmaerkte\/\",\"url\":\"https:\/\/www.citykamp.com\/de\/die-weihnachtsmaerkte\/\",\"name\":\"Die Weihnachtsm\u00e4rkte - Citykamp\",\"isPartOf\":{\"@id\":\"https:\/\/www.citykamp.com\/de\/#website\"},\"datePublished\":\"2022-12-12T17:02:14+00:00\",\"dateModified\":\"2024-11-21T11:58:05+00:00\",\"breadcrumb\":{\"@id\":\"https:\/\/www.citykamp.com\/de\/die-weihnachtsmaerkte\/#breadcrumb\"},\"inLanguage\":\"de-DE\",\"potentialAction\":[{\"@type\":\"ReadAction\",\"target\":[\"https:\/\/www.citykamp.com\/de\/die-weihnachtsmaerkte\/\"]}]},{\"@type\":\"BreadcrumbList\",\"@id\":\"https:\/\/www.citykamp.com\/de\/die-weihnachtsmaerkte\/#breadcrumb\",\"itemListElement\":[{\"@type\":\"ListItem\",\"position\":1,\"name\":\"Accueil\",\"item\":\"https:\/\/www.citykamp.com\/de\/\"},{\"@type\":\"ListItem\",\"position\":2,\"name\":\"Die Weihnachtsm\u00e4rkte\"}]},{\"@type\":\"WebSite\",\"@id\":\"https:\/\/www.citykamp.com\/de\/#website\",\"url\":\"https:\/\/www.citykamp.com\/de\/\",\"name\":\"Citykamp\",\"description\":\"Un site utilisant WordPress\",\"potentialAction\":[{\"@type\":\"SearchAction\",\"target\":{\"@type\":\"EntryPoint\",\"urlTemplate\":\"https:\/\/www.citykamp.com\/de\/?s={search_term_string}\"},\"query-input\":{\"@type\":\"PropertyValueSpecification\",\"valueRequired\":true,\"valueName\":\"search_term_string\"}}],\"inLanguage\":\"de-DE\"}]}<\/script>\n<!-- \/ Yoast SEO plugin. -->","yoast_head_json":{"title":"Die Weihnachtsm\u00e4rkte - Citykamp","robots":{"index":"index","follow":"follow","max-snippet":"max-snippet:-1","max-image-preview":"max-image-preview:large","max-video-preview":"max-video-preview:-1"},"canonical":"https:\/\/www.citykamp.com\/de\/die-weihnachtsmaerkte\/","og_locale":"de_DE","og_type":"article","og_title":"Die Weihnachtsm\u00e4rkte - Citykamp","og_description":"[vc_row][vc_column][\/vc_column][\/vc_row][vc_row css=&#8220;.vc_custom_1670860547323{background-color: rgba(233,78,27,0.2) !important;*background-color: rgb(233,78,27) !important;}&#8220;][vc_column][\/vc_column][\/vc_row][vc_row][vc_column][\/vc_column][\/vc_row][vc_row css=&#8220;.vc_custom_1670864411103{background-color: rgba(233,78,27,0.2) !important;*background-color: rgb(233,78,27) !important;}&#8220;][vc_column][\/vc_column][\/vc_row]","og_url":"https:\/\/www.citykamp.com\/de\/die-weihnachtsmaerkte\/","og_site_name":"Citykamp","article_modified_time":"2024-11-21T11:58:05+00:00","twitter_card":"summary_large_image","twitter_misc":{"Est. reading time":"3 Minuten"},"schema":{"@context":"https:\/\/schema.org","@graph":[{"@type":"WebPage","@id":"https:\/\/www.citykamp.com\/de\/die-weihnachtsmaerkte\/","url":"https:\/\/www.citykamp.com\/de\/die-weihnachtsmaerkte\/","name":"Die Weihnachtsm\u00e4rkte - Citykamp","isPartOf":{"@id":"https:\/\/www.citykamp.com\/de\/#website"},"datePublished":"2022-12-12T17:02:14+00:00","dateModified":"2024-11-21T11:58:05+00:00","breadcrumb":{"@id":"https:\/\/www.citykamp.com\/de\/die-weihnachtsmaerkte\/#breadcrumb"},"inLanguage":"de-DE","potentialAction":[{"@type":"ReadAction","target":["https:\/\/www.citykamp.com\/de\/die-weihnachtsmaerkte\/"]}]},{"@type":"BreadcrumbList","@id":"https:\/\/www.citykamp.com\/de\/die-weihnachtsmaerkte\/#breadcrumb","itemListElement":[{"@type":"ListItem","position":1,"name":"Accueil","item":"https:\/\/www.citykamp.com\/de\/"},{"@type":"ListItem","position":2,"name":"Die Weihnachtsm\u00e4rkte"}]},{"@type":"WebSite","@id":"https:\/\/www.citykamp.com\/de\/#website","url":"https:\/\/www.citykamp.com\/de\/","name":"Citykamp","description":"Un site utilisant WordPress","potentialAction":[{"@type":"SearchAction","target":{"@type":"EntryPoint","urlTemplate":"https:\/\/www.citykamp.com\/de\/?s={search_term_string}"},"query-input":{"@type":"PropertyValueSpecification","valueRequired":true,"valueName":"search_term_string"}}],"inLanguage":"de-DE"}]}},"_links":{"self":[{"href":"https:\/\/www.citykamp.com\/de\/wp-json\/wp\/v2\/pages\/5455","targetHints":{"allow":["GET"]}}],"collection":[{"href":"https:\/\/www.citykamp.com\/de\/wp-json\/wp\/v2\/pages"}],"about":[{"href":"https:\/\/www.citykamp.com\/de\/wp-json\/wp\/v2\/types\/page"}],"author":[{"embeddable":true,"href":"https:\/\/www.citykamp.com\/de\/wp-json\/wp\/v2\/users\/4"}],"replies":[{"embeddable":true,"href":"https:\/\/www.citykamp.com\/de\/wp-json\/wp\/v2\/comments?post=5455"}],"version-history":[{"count":3,"href":"https:\/\/www.citykamp.com\/de\/wp-json\/wp\/v2\/pages\/5455\/revisions"}],"predecessor-version":[{"id":7149,"href":"https:\/\/www.citykamp.com\/de\/wp-json\/wp\/v2\/pages\/5455\/revisions\/7149"}],"wp:attachment":[{"href":"https:\/\/www.citykamp.com\/de\/wp-json\/wp\/v2\/media?parent=5455"}],"curies":[{"name":"wp","href":"https:\/\/api.w.org\/{rel}","templated":true}]}}