{"id":1174,"date":"2018-02-12T11:33:48","date_gmt":"2018-02-12T10:33:48","guid":{"rendered":"http:\/\/www.citykamp.com\/de\/strasbourg\/"},"modified":"2023-10-23T17:57:48","modified_gmt":"2023-10-23T15:57:48","slug":"strassburg","status":"publish","type":"page","link":"https:\/\/www.citykamp.com\/de\/strassburg\/","title":{"rendered":"Stra\u00dfburg"},"content":{"rendered":"<div class=\"wpb-content-wrapper\"><p>[vc_row][vc_column]<div class=\"imgheader\" style=\"background-image: url(https:\/\/www.citykamp.com\/uploads\/2023\/10\/header-1-1900x700.jpeg)\"><div class=\"wrapcontentraw\"><div class=\"incta\">\n                                    <div>\n                                        <a href=\"https:\/\/www.camping-strasbourg.com\/de\/\"><span class=\"cta1\">Reiseziel<\/span>\n                                        <span class=\"cta2\">STRA\u00dfBURG<span class=\"ctk-arrow\"><\/span><\/span><\/a>\n                                    <\/div>\n                                  <\/div><\/div><\/div>[\/vc_column][\/vc_row][vc_row][vc_column]<div class=\"wrappedcontent\">[vc_column_text]<\/p>\n<h2>Der Charme der els\u00e4ssischen Hauptstadt<\/h2>\n<p>[\/vc_column_text][vc_empty_space][vc_row_inner gap=&#8220;30&#8243;][vc_column_inner width=&#8220;1\/4&#8243;][vc_masonry_media_grid element_width=&#8220;12&#8243; gap=&#8220;0&#8243; item=&#8220;164&#8243; grid_id=&#8220;vc_gid:1698076441458-f5612fd3-0a01-9&#8243; include=&#8220;6636&#8243;][vc_empty_space height=&#8220;16px&#8220;][vc_column_text]<\/p>\n<h5 style=\"text-align: left;\">Entdecken Sie Stra\u00dfburgs Sch\u00e4tze<\/h5>\n<p>Stra\u00dfburg ist eine Stadt voller Magie, in der das ganze Jahr \u00fcber eine einzigartige Atmosph\u00e4re herrscht. Flanieren Sie durch die Altstadt und entdecken Sie ihr au\u00dfergew\u00f6hnlich vielf\u00e4ltiges Kulturerbe &#8211; nur 3 km vom Campingplatz entfernt.[\/vc_column_text][\/vc_column_inner][vc_column_inner width=&#8220;1\/4&#8243;][vc_masonry_media_grid element_width=&#8220;12&#8243; gap=&#8220;0&#8243; item=&#8220;164&#8243; grid_id=&#8220;vc_gid:1698076441461-0974b252-119f-1&#8243; include=&#8220;6642&#8243;][vc_empty_space height=&#8220;16px&#8220;][vc_column_text]<\/p>\n<h5 style=\"text-align: left;\">Schlafen wie ein Murmeltier &#8211; in Mietunterk\u00fcnften oder am Stellplatz!<\/h5>\n<p>W\u00e4hlen Sie eine <a href=\"http:\/\/www.citykamp.com\/de\/unterkunfte\/\" target=\"_blank\" rel=\"noopener noreferrer\"><span style=\"color: #e84e1b;\">Mietunterkunft<\/span> <\/a>mit jeglichem Komfort mitten im Gr\u00fcnen: Chalets, Mobilheime, Zigeunerw\u00e4gen, Bungalowzelte\u2026oder \u00fcbernachten Sie auf einem Stellplatz in Ihrem eigenen Wohnmobil, Zelt oder Wohnwagen. Auf dem Camping de Strasbourg haben Sie die Wahl![\/vc_column_text][\/vc_column_inner][vc_column_inner width=&#8220;1\/4&#8243;][vc_masonry_media_grid element_width=&#8220;12&#8243; gap=&#8220;0&#8243; item=&#8220;164&#8243; grid_id=&#8220;vc_gid:1698076441463-6fcb73e6-85d9-2&#8243; include=&#8220;1646&#8243;][vc_empty_space height=&#8220;16px&#8220;][vc_column_text]<\/p>\n<h5 style=\"text-align: left;\">Die Stadt mit dem Fahrrad besichtigen!<\/h5>\n<p>Das Radwegnetz f\u00fchrt direkt am Campingplatz vorbei. N\u00fctzen Sie die Radwege und erkunden Sie die Stadt per Drahtesel! Fahrradverleih und andere <a href=\"http:\/\/www.citykamp.com\/de\/dienstleistungen\/\" target=\"_blank\" rel=\"noopener noreferrer\"><span style=\"color: #e84e1b;\">Dienstleistungen<\/span><\/a>, die Ihren Aufenthalt einfach und bequem machen, gibt es an der Rezeption.[\/vc_column_text][\/vc_column_inner][vc_column_inner width=&#8220;1\/4&#8243;][vc_masonry_media_grid element_width=&#8220;12&#8243; gap=&#8220;0&#8243; item=&#8220;164&#8243; grid_id=&#8220;vc_gid:1698076441464-8d432e5f-b681-9&#8243; include=&#8220;6649&#8243;][vc_empty_space height=&#8220;16px&#8220;][vc_column_text]<\/p>\n<h5 style=\"text-align: left;\">Dienstlich anders reisen<\/h5>\n<p>Der Camping de Strasbourg begr\u00fc\u00dft Sie zu einer Pause im Gr\u00fcnen direkt in der Stadt: <a href=\"http:\/\/www.citykamp.com\/de\/firmentarife\/\" target=\"_blank\" rel=\"noopener noreferrer\"><span style=\"color: #e84e1b;\">Gesch\u00e4ftsreisen<\/span><\/a>, die ganz im Zeichen des Erfolgs und der Erholung stehen![\/vc_column_text][\/vc_column_inner][\/vc_row_inner][vc_empty_space]<div class=\"text-center btnwrap\"><a class=\"btn btn-huttopia-cta\" href=\"https:\/\/www.camping-strasbourg.com\/de\/\" role=\"button\" target=\"\" onclick=\"dataLayer.push({'event':'clickCity', 'clickText':'Entdecken Sie dieses Reiseziel'})\">Entdecken Sie dieses Reiseziel<\/a><\/div><\/div>[\/vc_column][\/vc_row][vc_row css=&#8220;.vc_custom_1519386117897{background-color: #e84e1b !important;}&#8220;][vc_column]<div class=\"wrappedcontent\">[vc_column_text]<\/p>\n<h2><span style=\"color: #ffffff;\">Einrichtungen f\u00fcr einen bequemen Aufenthalt in Stra\u00dfburg<\/span><\/h2>\n<p>[\/vc_column_text][vc_empty_space][vc_masonry_media_grid gap=&#8220;25&#8243; item=&#8220;164&#8243; grid_id=&#8220;vc_gid:1698076441466-669e9fd9-2728-2&#8243; include=&#8220;6656,6662,6668&#8243;][vc_empty_space][vc_row_inner][vc_column_inner][vc_column_text]<span style=\"color: #ffffff;\"><strong>Extraleistung f\u00fcr Camper<\/strong>: Ein Bereich \u201eEtape Camping-Car\u201f mit Stellpl\u00e4tzen f\u00fcr Wohnmobilfahrer, die nur eine Nacht bleiben.<\/span>[\/vc_column_text][\/vc_column_inner][\/vc_row_inner][vc_empty_space height=&#8220;50px&#8220;][vc_row_inner css=&#8220;.vc_custom_1519228889357{margin-top: -28px !important;margin-bottom: -28px !important;}&#8220;][vc_column_inner width=&#8220;1\/6&#8243;][vc_icon type=&#8220;typicons&#8220; icon_typicons=&#8220;typcn typcn-wi-fi&#8220; color=&#8220;white&#8220; align=&#8220;center&#8220; css=&#8220;.vc_custom_1519384320086{margin-top: -10px !important;margin-bottom: -10px !important;}&#8220;][vc_column_text]<\/p>\n<p style=\"text-align: center;\"><strong><span style=\"color: #ffffff;\">Gratis WLAN<\/span><\/strong><\/p>\n<p>[\/vc_column_text][\/vc_column_inner][vc_column_inner width=&#8220;1\/6&#8243;][vc_icon type=&#8220;material&#8220; icon_material=&#8220;vc-material vc-material-local_parking&#8220; color=&#8220;white&#8220; align=&#8220;center&#8220; css=&#8220;.vc_custom_1519228864273{margin-top: -10px !important;margin-bottom: -10px !important;}&#8220;][vc_column_text]<\/p>\n<p style=\"text-align: center;\"><strong><span style=\"color: #ffffff;\">Gratisparkplatz<\/span><\/strong><\/p>\n<p>[\/vc_column_text][\/vc_column_inner][vc_column_inner width=&#8220;1\/6&#8243;][vc_icon icon_fontawesome=&#8220;fa fa-bed&#8220; color=&#8220;white&#8220; align=&#8220;center&#8220; css=&#8220;.vc_custom_1519384431816{margin-top: -10px !important;margin-bottom: -10px !important;}&#8220;][vc_column_text]<\/p>\n<p style=\"text-align: center;\"><span style=\"color: #ffffff;\"><strong>Bettw\u00e4sche und Handt\u00fccher inklusive<\/strong><br \/>\n<span style=\"font-size: 10pt;\">Option : Betten bei der Ankunft bereits gemacht<\/span><\/span><\/p>\n<p>[\/vc_column_text][\/vc_column_inner][vc_column_inner width=&#8220;1\/6&#8243;][vc_icon type=&#8220;material&#8220; icon_material=&#8220;vc-material vc-material-restaurant&#8220; color=&#8220;white&#8220; align=&#8220;center&#8220; css=&#8220;.vc_custom_1519384522300{margin-top: -10px !important;margin-bottom: -10px !important;}&#8220;][vc_column_text]<\/p>\n<p style=\"text-align: center;\"><span style=\"color: #ffffff;\">Gastronomie<\/span><\/p>\n<p>[\/vc_column_text][\/vc_column_inner][vc_column_inner width=&#8220;1\/6&#8243;][vc_icon type=&#8220;material&#8220; icon_material=&#8220;vc-material vc-material-pool&#8220; color=&#8220;white&#8220; align=&#8220;center&#8220; css=&#8220;.vc_custom_1519384588487{margin-top: -10px !important;margin-bottom: -10px !important;}&#8220;][vc_column_text]<\/p>\n<p style=\"text-align: center;\"><span style=\"color: #ffffff;\"><strong>Beheiztes Schwimmbad<\/strong><br \/>\n<span style=\"font-size: 10pt;\">Je nach Saison<\/span><\/span><\/p>\n<p>[\/vc_column_text][\/vc_column_inner][vc_column_inner width=&#8220;1\/6&#8243;][vc_icon type=&#8220;entypo&#8220; icon_entypo=&#8220;entypo-icon entypo-icon-plus-circled&#8220; color=&#8220;white&#8220; align=&#8220;center&#8220; css=&#8220;.vc_custom_1521712512816{margin-top: -10px !important;margin-bottom: -10px !important;}&#8220; link=&#8220;url:http%3A%2F%2Fwww.citykamp.com%2Fde%2Fdienstleistungen%2F||target:%20_blank|&#8220;][vc_column_text]<\/p>\n<p style=\"text-align: center;\"><strong><span style=\"color: #ffffff;\">MEHR<\/span><\/strong><\/p>\n<p>[\/vc_column_text][\/vc_column_inner][\/vc_row_inner]<\/div>[\/vc_column][\/vc_row][vc_row][vc_column]<div class=\"wrapcontentraw\">\n                <h2 class=\"hmargin\">Umgebung<\/h2>\n                <div class=\"allsites\">\n                    <div class=\"col-md-6 swrap\">\n                <div>\n                    <div class=\"simg\">\n                        <div class=\"stitle\">Quartier historique<\/div>\n                        <img decoding=\"async\" src=\"https:\/\/www.citykamp.com\/uploads\/2023\/10\/petite-france-500x350.jpeg\" alt=\"petite france\"\/>\n                    <\/div>\n                    <div class=\"ibcontent ibflex\">\n                        <div class=\"ibin1\">Flanieren Sie durch die Altstadt von Stra\u00dfburg!<\/div>\n                        <div class=\"ibin2\">\n                            <a>\n                                <div class=\"iblink isaltbgcolor\"><span class=\"sdist\"><span class=\"ctk-man\"><\/span><span class=\"thdist\">2,3 km<\/span><\/span><\/div>\n                            <\/a>\n                        <\/div>\n                        <div class=\"clear\"><\/div>\n                    <\/div>\n                <\/div>\n             <\/div><div class=\"col-md-6 swrap\">\n                <div>\n                    <div class=\"simg\">\n                        <div class=\"stitle\">Cath\u00e9drale de Strasbourg<\/div>\n                        <img decoding=\"async\" src=\"https:\/\/www.citykamp.com\/uploads\/2018\/09\/camping_citykamp_strasbourg-500x350.jpg\" alt=\"camping_citykamp_strasbourg\"\/>\n                    <\/div>\n                    <div class=\"ibcontent ibflex\">\n                        <div class=\"ibin1\">Besuchen Sie eine der gr\u00f6\u00dften Kathedralen Frankreichs!<\/div>\n                        <div class=\"ibin2\">\n                            <a>\n                                <div class=\"iblink isaltbgcolor\"><span class=\"sdist\"><span class=\"ctk-man\"><\/span><span class=\"thdist\">3 km<\/span><\/span><\/div>\n                            <\/a>\n                        <\/div>\n                        <div class=\"clear\"><\/div>\n                    <\/div>\n                <\/div>\n             <\/div><div class=\"col-md-6 swrap\">\n                <div>\n                    <div class=\"simg\">\n                        <div class=\"stitle\">March\u00e9 de No\u00ebl<\/div>\n                        <img decoding=\"async\" src=\"https:\/\/www.citykamp.com\/uploads\/2023\/10\/noel-500x350.jpg\" alt=\"CityKamp Strasbourg-HUTTOPIA\"\/>\n                    <\/div>\n                    <div class=\"ibcontent ibflex\">\n                        <div class=\"ibin1\">Lassen Sie sich von einem der \u00e4ltesten Weihnachtsm\u00e4rkte Europas verzaubern!<\/div>\n                        <div class=\"ibin2\">\n                            <a>\n                                <div class=\"iblink isaltbgcolor\"><span class=\"sdist\"><span class=\"ctk-man\"><\/span><span class=\"thdist\">3 km<\/span><\/span><\/div>\n                            <\/a>\n                        <\/div>\n                        <div class=\"clear\"><\/div>\n                    <\/div>\n                <\/div>\n             <\/div><div class=\"col-md-6 swrap\">\n                <div>\n                    <div class=\"simg\">\n                        <div class=\"stitle\">Parc Orangerie<\/div>\n                        <img decoding=\"async\" src=\"https:\/\/www.citykamp.com\/uploads\/2018\/02\/citykamp_destinations_strasbourg_parc_orangerie-500x350.jpg\" alt=\"citykamp_destinations_strasbourg_parc_orangerie\"\/>\n                    <\/div>\n                    <div class=\"ibcontent ibflex\">\n                        <div class=\"ibin1\">Machen Sie einen Familienspaziergang durch den \u00e4ltesten Park der Stadt: Park der Orangerie!<\/div>\n                        <div class=\"ibin2\">\n                            <a>\n                                <div class=\"iblink isaltbgcolor\"><span class=\"sdist\"><span class=\"ctk-man\"><\/span><span class=\"thdist\">5,4 km<\/span><\/span><\/div>\n                            <\/a>\n                        <\/div>\n                        <div class=\"clear\"><\/div>\n                    <\/div>\n                <\/div>\n             <\/div>\n                    <div class=\"clear\"><\/div>\n                <\/div>\n            <\/div><div class=\"text-center btnwrap\"><a class=\"btn btn-huttopia-cta\" href=\"https:\/\/www.camping-strasbourg.com\/de\/region\/\" role=\"button\" target=\"\" onclick=\"dataLayer.push({'event':'clickCity', 'clickText':'Entdecke andere Aktivit\u00e4ten'})\">Entdecke andere Aktivit\u00e4ten<\/a><\/div>[\/vc_column][\/vc_row][vc_row][vc_column]<div class=\"mflex imgmp\">\n                <div class=\"col-md-6 accordeonimg\" style=\"background-image: url(https:\/\/www.citykamp.com\/uploads\/2023\/10\/la-nature-a-deux-pas.jpeg)\">\n                    <img decoding=\"async\" src=\"https:\/\/www.citykamp.com\/uploads\/2023\/10\/la-nature-a-deux-pas.jpeg\" style=\"visibility: hidden;\" \/>\n                <\/div>\n                <div class=\"col-md-6 altbg gmcontent\">\n                    <div>\n                    <h2 class=\"istitlecolor gmtitle\">Eine gr\u00fcne Oase in unmittelbarer Stadtn\u00e4he!<\/h2>\n                    <div class=\"gmwrap\"><div class=\"col-sm-4 bwrap\">\n                    <span class=\"istitlecolor gmpicto ctk-train\"><\/span>\n                    <span class=\"gmlabel\">5 Min. zum Bahnhof<\/span>\n                  <\/div><div class=\"col-sm-4 bwrap\">\n                    <span class=\"istitlecolor gmpicto ctk-car\"><\/span>\n                    <span class=\"gmlabel\">10 Min. zur A35 und E25<\/span>\n                  <\/div><div class=\"col-sm-4 bwrap\">\n                    <span class=\"istitlecolor gmpicto ctk-bus\"><\/span>\n                    <span class=\"gmlabel\">Radwege und \u00f6ffentliche Verkehrsmittel<\/span>\n                  <\/div><\/div>\n            <\/div>\n        <\/div>\n    <\/div>\n    <script>\n        let iconType = L.icon({\n            iconUrl: baseDirectory + '\/img\/pin.png',\n            iconSize: [22, 48],\n            iconAnchor: [11, 46],\n            popupAnchor: [0, -46]\n        });\n        let map = L.map('map', {\n            center: L.latLng(48.5751972, 7.716910200000029),\n            zoom: 10.8,\n            layers: [L.tileLayer('https:\/\/cartodb-basemaps-b.global.ssl.fastly.net\/light_all\/{z}\/{x}\/{y}.png', {\n                attribution: '&copy; <a href=\"https:\/\/www.openstreetmap.org\/copyright\">OpenStreetMap<\/a>'\n            })],\n            zoomSnap: 0.2\n        });\n        setTimeout(map.invalidateSize.bind(map), 100);\n        let contentString = '<div id=\"content\">' +\n            '<div id=\"siteNotice\">' +\n            '<\/div>' +\n            '<h4 id=\"firstHeading\" class=\"firstHeading\">Eine gr\u00fcne Oase in unmittelbarer Stadtn\u00e4he!<\/h4>' +\n            '<div id=\"bodyContent\">' +\n            '<p><\/p>' +\n            '<p><\/p>' +\n            '<\/div>' +\n            '<\/div>';\n        let marker = L.marker([48.5751972, 7.716910200000029], {icon: iconType}).addTo(map);\n        marker.bindPopup(contentString).openPopup();\n        let iwOuter = document.querySelector('.leaflet-popup-content-wrapper');\n        let iwArrow = document.querySelector('.leaflet-popup-tip');\n        iwOuter.style.backgroundColor = '';\n        iwArrow.style.backgroundColor = '';\n    <\/script>\n    [\/vc_column][\/vc_row][vc_row css=&#8220;.vc_custom_1519228284550{background-color: #b5b5b5 !important;}&#8220;][vc_column]<div class=\"wrappedcontent\">[vc_row_inner css=&#8220;.vc_custom_1519228889357{margin-top: -28px !important;margin-bottom: -28px !important;}&#8220;][vc_column_inner width=&#8220;1\/4&#8243;][vc_icon icon_fontawesome=&#8220;fa fa-lock&#8220; color=&#8220;white&#8220; align=&#8220;center&#8220; css=&#8220;.vc_custom_1519228857662{margin-top: -10px !important;margin-bottom: -10px !important;}&#8220;][vc_column_text]<\/p>\n<p style=\"text-align: center;\"><span style=\"color: #ffffff;\">Sichere Zahlung<\/span><\/p>\n<p>[\/vc_column_text][\/vc_column_inner][vc_column_inner width=&#8220;1\/4&#8243;][vc_icon type=&#8220;material&#8220; icon_material=&#8220;vc-material vc-material-local_parking&#8220; color=&#8220;white&#8220; align=&#8220;center&#8220; css=&#8220;.vc_custom_1519228864273{margin-top: -10px !important;margin-bottom: -10px !important;}&#8220;][vc_column_text]<\/p>\n<p style=\"text-align: center;\"><span style=\"color: #ffffff;\">Gratisparkplatz<\/span><\/p>\n<p>[\/vc_column_text][\/vc_column_inner][vc_column_inner width=&#8220;1\/4&#8243;][vc_icon type=&#8220;entypo&#8220; icon_entypo=&#8220;entypo-icon entypo-icon-back-in-time&#8220; color=&#8220;white&#8220; align=&#8220;center&#8220; css=&#8220;.vc_custom_1519228869480{margin-top: -10px !important;margin-bottom: -10px !important;}&#8220;][vc_column_text]<\/p>\n<p style=\"text-align: center;\"><span style=\"color: #ffffff;\">Check-in 7 Tage die Woche ge\u00f6ffnet<\/span><\/p>\n<p>[\/vc_column_text][\/vc_column_inner][vc_column_inner width=&#8220;1\/4&#8243;][vc_icon icon_fontawesome=&#8220;fa fa-globe&#8220; color=&#8220;white&#8220; align=&#8220;center&#8220; css=&#8220;.vc_custom_1519228877923{margin-top: -10px !important;margin-bottom: -10px !important;}&#8220;][vc_column_text]<\/p>\n<p style=\"text-align: center;\"><span style=\"color: #ffffff;\">Mehrsprachig<\/span><\/p>\n<p>[\/vc_column_text][\/vc_column_inner][\/vc_row_inner]<\/div>[\/vc_column][\/vc_row]<\/p>\n<\/div>","protected":false},"excerpt":{"rendered":"<p>[vc_row][vc_column][\/vc_column][\/vc_row][vc_row][vc_column][\/vc_column][\/vc_row][vc_row css=&#8220;.vc_custom_1519386117897{background-color: #e84e1b !important;}&#8220;][vc_column][\/vc_column][\/vc_row][vc_row][vc_column][\/vc_column][\/vc_row][vc_row][vc_column][\/vc_column][\/vc_row][vc_row css=&#8220;.vc_custom_1519228284550{background-color: #b5b5b5 !important;}&#8220;][vc_column][\/vc_column][\/vc_row]<\/p>\n","protected":false},"author":1,"featured_media":0,"parent":0,"menu_order":0,"comment_status":"closed","ping_status":"closed","template":"","meta":{"footnotes":""},"class_list":["post-1174","page","type-page","status-publish","hentry"],"yoast_head":"<!-- This site is optimized with the Yoast SEO plugin v25.6 - https:\/\/yoast.com\/wordpress\/plugins\/seo\/ -->\n<title>Stra\u00dfburg, Campingziel im Herzen des Elsass - CityKamp<\/title>\n<meta name=\"description\" content=\"\u00dcbernachten Sie in der els\u00e4ssischen Hauptstadt auf einem gr\u00fcnen Grundst\u00fcck und in komfortablen Unterk\u00fcnften. Hochwertige Dienstleistungen stehen zur Verf\u00fcgung, um Ihren Aufenthalt zu erleichtern. Entdecken Sie die Sch\u00e4tze von Stra\u00dfburg, erkunden Sie die Stadt mit dem Fahrrad und genie\u00dfen Sie ihre Magie!\" \/>\n<meta name=\"robots\" content=\"index, follow, max-snippet:-1, max-image-preview:large, max-video-preview:-1\" \/>\n<link rel=\"canonical\" href=\"https:\/\/www.citykamp.com\/de\/strassburg\/\" \/>\n<meta property=\"og:locale\" content=\"de_DE\" \/>\n<meta property=\"og:type\" content=\"article\" \/>\n<meta property=\"og:title\" content=\"Stra\u00dfburg, Campingziel im Herzen des Elsass - CityKamp\" \/>\n<meta property=\"og:description\" content=\"\u00dcbernachten Sie in der els\u00e4ssischen Hauptstadt auf einem gr\u00fcnen Grundst\u00fcck und in komfortablen Unterk\u00fcnften. Hochwertige Dienstleistungen stehen zur Verf\u00fcgung, um Ihren Aufenthalt zu erleichtern. Entdecken Sie die Sch\u00e4tze von Stra\u00dfburg, erkunden Sie die Stadt mit dem Fahrrad und genie\u00dfen Sie ihre Magie!\" \/>\n<meta property=\"og:url\" content=\"https:\/\/www.citykamp.com\/de\/strassburg\/\" \/>\n<meta property=\"og:site_name\" content=\"Citykamp\" \/>\n<meta property=\"article:modified_time\" content=\"2023-10-23T15:57:48+00:00\" \/>\n<meta name=\"twitter:card\" content=\"summary_large_image\" \/>\n<meta name=\"twitter:label1\" content=\"Est. reading time\" \/>\n\t<meta name=\"twitter:data1\" content=\"3 Minuten\" \/>\n<script type=\"application\/ld+json\" class=\"yoast-schema-graph\">{\"@context\":\"https:\/\/schema.org\",\"@graph\":[{\"@type\":\"WebPage\",\"@id\":\"https:\/\/www.citykamp.com\/de\/strassburg\/\",\"url\":\"https:\/\/www.citykamp.com\/de\/strassburg\/\",\"name\":\"Stra\u00dfburg, Campingziel im Herzen des Elsass - CityKamp\",\"isPartOf\":{\"@id\":\"https:\/\/www.citykamp.com\/de\/#website\"},\"datePublished\":\"2018-02-12T10:33:48+00:00\",\"dateModified\":\"2023-10-23T15:57:48+00:00\",\"description\":\"\u00dcbernachten Sie in der els\u00e4ssischen Hauptstadt auf einem gr\u00fcnen Grundst\u00fcck und in komfortablen Unterk\u00fcnften. Hochwertige Dienstleistungen stehen zur Verf\u00fcgung, um Ihren Aufenthalt zu erleichtern. Entdecken Sie die Sch\u00e4tze von Stra\u00dfburg, erkunden Sie die Stadt mit dem Fahrrad und genie\u00dfen Sie ihre Magie!\",\"breadcrumb\":{\"@id\":\"https:\/\/www.citykamp.com\/de\/strassburg\/#breadcrumb\"},\"inLanguage\":\"de-DE\",\"potentialAction\":[{\"@type\":\"ReadAction\",\"target\":[\"https:\/\/www.citykamp.com\/de\/strassburg\/\"]}]},{\"@type\":\"BreadcrumbList\",\"@id\":\"https:\/\/www.citykamp.com\/de\/strassburg\/#breadcrumb\",\"itemListElement\":[{\"@type\":\"ListItem\",\"position\":1,\"name\":\"Accueil\",\"item\":\"https:\/\/www.citykamp.com\/de\/\"},{\"@type\":\"ListItem\",\"position\":2,\"name\":\"Stra\u00dfburg\"}]},{\"@type\":\"WebSite\",\"@id\":\"https:\/\/www.citykamp.com\/de\/#website\",\"url\":\"https:\/\/www.citykamp.com\/de\/\",\"name\":\"Citykamp\",\"description\":\"Un site utilisant WordPress\",\"potentialAction\":[{\"@type\":\"SearchAction\",\"target\":{\"@type\":\"EntryPoint\",\"urlTemplate\":\"https:\/\/www.citykamp.com\/de\/?s={search_term_string}\"},\"query-input\":{\"@type\":\"PropertyValueSpecification\",\"valueRequired\":true,\"valueName\":\"search_term_string\"}}],\"inLanguage\":\"de-DE\"}]}<\/script>\n<!-- \/ Yoast SEO plugin. -->","yoast_head_json":{"title":"Stra\u00dfburg, Campingziel im Herzen des Elsass - CityKamp","description":"\u00dcbernachten Sie in der els\u00e4ssischen Hauptstadt auf einem gr\u00fcnen Grundst\u00fcck und in komfortablen Unterk\u00fcnften. Hochwertige Dienstleistungen stehen zur Verf\u00fcgung, um Ihren Aufenthalt zu erleichtern. Entdecken Sie die Sch\u00e4tze von Stra\u00dfburg, erkunden Sie die Stadt mit dem Fahrrad und genie\u00dfen Sie ihre Magie!","robots":{"index":"index","follow":"follow","max-snippet":"max-snippet:-1","max-image-preview":"max-image-preview:large","max-video-preview":"max-video-preview:-1"},"canonical":"https:\/\/www.citykamp.com\/de\/strassburg\/","og_locale":"de_DE","og_type":"article","og_title":"Stra\u00dfburg, Campingziel im Herzen des Elsass - CityKamp","og_description":"\u00dcbernachten Sie in der els\u00e4ssischen Hauptstadt auf einem gr\u00fcnen Grundst\u00fcck und in komfortablen Unterk\u00fcnften. Hochwertige Dienstleistungen stehen zur Verf\u00fcgung, um Ihren Aufenthalt zu erleichtern. Entdecken Sie die Sch\u00e4tze von Stra\u00dfburg, erkunden Sie die Stadt mit dem Fahrrad und genie\u00dfen Sie ihre Magie!","og_url":"https:\/\/www.citykamp.com\/de\/strassburg\/","og_site_name":"Citykamp","article_modified_time":"2023-10-23T15:57:48+00:00","twitter_card":"summary_large_image","twitter_misc":{"Est. reading time":"3 Minuten"},"schema":{"@context":"https:\/\/schema.org","@graph":[{"@type":"WebPage","@id":"https:\/\/www.citykamp.com\/de\/strassburg\/","url":"https:\/\/www.citykamp.com\/de\/strassburg\/","name":"Stra\u00dfburg, Campingziel im Herzen des Elsass - CityKamp","isPartOf":{"@id":"https:\/\/www.citykamp.com\/de\/#website"},"datePublished":"2018-02-12T10:33:48+00:00","dateModified":"2023-10-23T15:57:48+00:00","description":"\u00dcbernachten Sie in der els\u00e4ssischen Hauptstadt auf einem gr\u00fcnen Grundst\u00fcck und in komfortablen Unterk\u00fcnften. Hochwertige Dienstleistungen stehen zur Verf\u00fcgung, um Ihren Aufenthalt zu erleichtern. Entdecken Sie die Sch\u00e4tze von Stra\u00dfburg, erkunden Sie die Stadt mit dem Fahrrad und genie\u00dfen Sie ihre Magie!","breadcrumb":{"@id":"https:\/\/www.citykamp.com\/de\/strassburg\/#breadcrumb"},"inLanguage":"de-DE","potentialAction":[{"@type":"ReadAction","target":["https:\/\/www.citykamp.com\/de\/strassburg\/"]}]},{"@type":"BreadcrumbList","@id":"https:\/\/www.citykamp.com\/de\/strassburg\/#breadcrumb","itemListElement":[{"@type":"ListItem","position":1,"name":"Accueil","item":"https:\/\/www.citykamp.com\/de\/"},{"@type":"ListItem","position":2,"name":"Stra\u00dfburg"}]},{"@type":"WebSite","@id":"https:\/\/www.citykamp.com\/de\/#website","url":"https:\/\/www.citykamp.com\/de\/","name":"Citykamp","description":"Un site utilisant WordPress","potentialAction":[{"@type":"SearchAction","target":{"@type":"EntryPoint","urlTemplate":"https:\/\/www.citykamp.com\/de\/?s={search_term_string}"},"query-input":{"@type":"PropertyValueSpecification","valueRequired":true,"valueName":"search_term_string"}}],"inLanguage":"de-DE"}]}},"_links":{"self":[{"href":"https:\/\/www.citykamp.com\/de\/wp-json\/wp\/v2\/pages\/1174","targetHints":{"allow":["GET"]}}],"collection":[{"href":"https:\/\/www.citykamp.com\/de\/wp-json\/wp\/v2\/pages"}],"about":[{"href":"https:\/\/www.citykamp.com\/de\/wp-json\/wp\/v2\/types\/page"}],"author":[{"embeddable":true,"href":"https:\/\/www.citykamp.com\/de\/wp-json\/wp\/v2\/users\/1"}],"replies":[{"embeddable":true,"href":"https:\/\/www.citykamp.com\/de\/wp-json\/wp\/v2\/comments?post=1174"}],"version-history":[{"count":3,"href":"https:\/\/www.citykamp.com\/de\/wp-json\/wp\/v2\/pages\/1174\/revisions"}],"predecessor-version":[{"id":6799,"href":"https:\/\/www.citykamp.com\/de\/wp-json\/wp\/v2\/pages\/1174\/revisions\/6799"}],"wp:attachment":[{"href":"https:\/\/www.citykamp.com\/de\/wp-json\/wp\/v2\/media?parent=1174"}],"curies":[{"name":"wp","href":"https:\/\/api.w.org\/{rel}","templated":true}]}}